{"id":254,"date":"2020-02-09T15:51:32","date_gmt":"2020-02-09T14:51:32","guid":{"rendered":"https:\/\/ferienwohnungen-salzkammergut.at\/?page_id=254"},"modified":"2025-09-20T20:37:45","modified_gmt":"2025-09-20T18:37:45","slug":"holiday-apartments-salzkammergut","status":"publish","type":"page","link":"https:\/\/ferienwohnungen-salzkammergut.at\/en\/","title":{"rendered":"Holiday apartments Salzkammergut"},"content":{"rendered":"\t\t<div data-elementor-type=\"wp-post\" data-elementor-id=\"254\" class=\"elementor elementor-254 elementor-48\" data-elementor-post-type=\"page\">\n\t\t\t\t\t\t<section class=\"elementor-section elementor-top-section elementor-element elementor-element-5790463 elementor-section-full_width elementor-section-height-default elementor-section-height-default\" data-id=\"5790463\" data-element_type=\"section\">\n\t\t\t\t\t\t<div class=\"elementor-container elementor-column-gap-no\">\n\t\t\t\t\t<div class=\"elementor-column elementor-col-100 elementor-top-column elementor-element elementor-element-a7fd985\" data-id=\"a7fd985\" data-element_type=\"column\">\n\t\t\t<div class=\"elementor-widget-wrap elementor-element-populated\">\n\t\t\t\t\t\t<div class=\"elementor-element elementor-element-0cf6bff elementor-widget elementor-widget-themo-slider\" data-id=\"0cf6bff\" data-element_type=\"widget\" data-widget_type=\"themo-slider.default\">\n\t\t\t\t<div class=\"elementor-widget-container\">\n\t\t\t\t\t\n\t\t<div id=\"main-flex-slider\" class=\"flexslider\">\n\t\t\t<ul class=\"slides\">\n\t\t\t\t\n                    \n                    \n\t\t\t\t\t\t\t\t\t\t                    \n                    <li class=\"elementor-repeater-item-23e0f27\">\n\t\t\t\t\t\t<div class=\"slider-bg slide-cal-center \">\n                            <div class=\"th-slide-wrap has-image-bg\">\n                                <div class=\"th-slide-inner  th-right\">\n                                    <div class=\"th-slide-content\">\n                                                                                    <h1 class=\"slider-title\">Holiday dreams in the Salzkammergut<\/h1>\n                                        \n                                                                                    <div class=\"slider-subtitle\">\n                                                <p>Enjoy the lakes and mountains of the Salzkammergut. Here you'll find the perfect holiday apartment for your vacation!<\/p>\n                                            <\/div>\n                                                                                                                            <div class=\"th-btn-wrap\">\n                                                                                                                                                            <a class=\"btn-1 btn th-btn btn-standard-light\" href=\"https:\/\/ferienwohnungen-salzkammergut.at\/en\/our-holiday-homes\/\" target=\"_blank\">\n                                                                                                                            Show me all!                                                                                                                    <\/a>\n                                                                                                                                                                                                <\/div>\n                                        \n                                        \n                                                                                                                                                                            \n                                            <div><\/div>                                                                            <\/div>\n                                <\/div>\n\t\t\t\t\t\t\t<\/div>\n\t\t\t\t\t\t<\/div>\n\t\t\t\t\t<\/li>\n\t\t\t\t\n                    \n                    \n\t\t\t\t\t\t\t\t\t\t                    \n                    <li class=\"elementor-repeater-item-a6c3b4c\">\n\t\t\t\t\t\t<div class=\"slider-bg slide-cal-center  \">\n                            <div class=\"th-slide-wrap has-image-bg th-slide-wrap th-slider-overlay has-image-bg\">\n                                <div class=\"th-slide-inner  th-centered\">\n                                    <div class=\"th-slide-content\">\n                                                                                    <h1 class=\"slider-title\">Holiday home &amp; holiday apartments Christl and Franz<\/h1>\n                                        \n                                                                                    <div class=\"slider-subtitle\">\n                                                <p>Beautiful holiday home with 4 apartments in the heart of Bad Aussee. Let yourself be enchanted by the tradition and nature.<\/p>\n                                            <\/div>\n                                                                                                                            <div class=\"th-btn-wrap\">\n                                                                                                                                                            <a class=\"btn-1 btn th-btn btn-standard-light\" href=\"https:\/\/ferienwohnungen-salzkammergut.at\/en\/room\/holiday-home-christl-franz-bad-aussee\/\" target=\"_blank\">\n                                                                                                                            Show me more!                                                                                                                    <\/a>\n                                                                                                                                                                                                <\/div>\n                                        \n                                        \n                                                                                                                                                                            \n                                            <div><\/div>                                                                            <\/div>\n                                <\/div>\n\t\t\t\t\t\t\t<\/div>\n\t\t\t\t\t\t<\/div>\n\t\t\t\t\t<\/li>\n\t\t\t\t\n                    \n                    \n\t\t\t\t\t\t\t\t\t\t                    \n                    <li class=\"elementor-repeater-item-2f1cb81\">\n\t\t\t\t\t\t<div class=\"slider-bg slide-cal-center   \">\n                            <div class=\"th-slide-wrap has-image-bg th-slide-wrap th-slider-overlay has-image-bg th-slide-wrap th-slider-overlay has-image-bg\">\n                                <div class=\"th-slide-inner  th-centered\">\n                                    <div class=\"th-slide-content\">\n                                                                                    <h1 class=\"slider-title\">Holiday apartment Jogginghose<\/h1>\n                                        \n                                                                                    <div class=\"slider-subtitle\">\n                                                <p>Recharge in peace, feel the nature, and discover Lake Hallstatt \u2013 at the Goisern holiday apartment, you\u2019ll experience the Salzkammergut at its finest. Perfect for your vacation between mountains, lakes, and cultural delights.<\/p>\n                                            <\/div>\n                                                                                                                            <div class=\"th-btn-wrap\">\n                                                                                                                                                            <a class=\"btn-1 btn th-btn btn-standard-light\" href=\"https:\/\/ferienwohnungen-salzkammergut.at\/en\/room\/holiday-apartment-jogginghose\/\" target=\"_blank\">\n                                                                                                                            Show me more!                                                                                                                    <\/a>\n                                                                                                                                                                                                <\/div>\n                                        \n                                        \n                                                                                                                                                                            \n                                            <div><\/div>                                                                            <\/div>\n                                <\/div>\n\t\t\t\t\t\t\t<\/div>\n\t\t\t\t\t\t<\/div>\n\t\t\t\t\t<\/li>\n\t\t\t\t\n                    \n                    \n\t\t\t\t\t\t\t\t\t\t                    \n                    <li class=\"elementor-repeater-item-1251c9e\">\n\t\t\t\t\t\t<div class=\"slider-bg slide-cal-center    \">\n                            <div class=\"th-slide-wrap has-image-bg th-slide-wrap th-slider-overlay has-image-bg th-slide-wrap th-slider-overlay has-image-bg th-slide-wrap has-image-bg\">\n                                <div class=\"th-slide-inner  th-centered\">\n                                    <div class=\"th-slide-content\">\n                                                                                    <h1 class=\"slider-title\">Holiday apartment Gl\u00fccksmomente<\/h1>\n                                        \n                                                                                    <div class=\"slider-subtitle\">\n                                                <p>Arrive. Breathe. Be happy. Book your getaway now at the holiday apartment Gl\u00fccksmomente in Bad Goisern!<\/p>\n                                            <\/div>\n                                                                                                                            <div class=\"th-btn-wrap\">\n                                                                                                                                                            <a class=\"btn-1 btn th-btn btn-standard-light\" href=\"https:\/\/ferienwohnungen-salzkammergut.at\/en\/room\/holiday-apartment-gluecksmomente\" target=\"_blank\">\n                                                                                                                            Show me more!                                                                                                                    <\/a>\n                                                                                                                                                                                                <\/div>\n                                        \n                                        \n                                                                                                                                                                            \n                                            <div><\/div>                                                                            <\/div>\n                                <\/div>\n\t\t\t\t\t\t\t<\/div>\n\t\t\t\t\t\t<\/div>\n\t\t\t\t\t<\/li>\n\t\t\t\t\n                    \n                    \n\t\t\t\t\t\t\t\t\t\t                    \n                    <li class=\"elementor-repeater-item-c56e965\">\n\t\t\t\t\t\t<div class=\"slider-bg slide-cal-center     \">\n                            <div class=\"th-slide-wrap has-image-bg th-slide-wrap th-slider-overlay has-image-bg th-slide-wrap th-slider-overlay has-image-bg th-slide-wrap has-image-bg th-slide-wrap has-image-bg\">\n                                <div class=\"th-slide-inner  th-centered\">\n                                    <div class=\"th-slide-content\">\n                                                                                    <h1 class=\"slider-title\">Penthouse Bergblick Salzkammergut<\/h1>\n                                        \n                                                                                    <div class=\"slider-subtitle\">\n                                                <p>90m\u00b2 penthouse apartment with 2 bedrooms and a spacious rooftop terrace offering a 270\u00b0 view of nature and over Bad Ischl.<\/p>\n                                            <\/div>\n                                                                                                                            <div class=\"th-btn-wrap\">\n                                                                                                                                                            <a class=\"btn-1 btn th-btn btn-standard-light\" href=\"https:\/\/ferienwohnungen-salzkammergut.at\/en\/room\/penthouse-bergblick-salzkammergut\/\" target=\"_blank\">\n                                                                                                                            Show me more!                                                                                                                    <\/a>\n                                                                                                                                                                                                <\/div>\n                                        \n                                        \n                                                                                                                                                                            \n                                            <div><\/div>                                                                            <\/div>\n                                <\/div>\n\t\t\t\t\t\t\t<\/div>\n\t\t\t\t\t\t<\/div>\n\t\t\t\t\t<\/li>\n\t\t\t\t\n                    \n                    \n\t\t\t\t\t\t\t\t\t\t                    \n                    <li class=\"elementor-repeater-item-95dfb08\">\n\t\t\t\t\t\t<div class=\"slider-bg slide-cal-center      \">\n                            <div class=\"th-slide-wrap has-image-bg th-slide-wrap th-slider-overlay has-image-bg th-slide-wrap th-slider-overlay has-image-bg th-slide-wrap has-image-bg th-slide-wrap has-image-bg th-slide-wrap th-slider-overlay has-image-bg\">\n                                <div class=\"th-slide-inner  th-centered\">\n                                    <div class=\"th-slide-content\">\n                                                                                    <h1 class=\"slider-title\">Holiday apartment Stoablick<\/h1>\n                                        \n                                                                                    <div class=\"slider-subtitle\">\n                                                <p>In Bad Goisern on Lake Hallstatt, suitable for up to 6 people, with two separate bedrooms and fully accessible.<\/p>\n                                            <\/div>\n                                                                                                                            <div class=\"th-btn-wrap\">\n                                                                                                                                                            <a class=\"btn-1 btn th-btn btn-standard-light\" href=\"https:\/\/ferienwohnungen-salzkammergut.at\/en\/room\/holiday-apartment-stoablick\/\" target=\"_blank\">\n                                                                                                                            Show me more!                                                                                                                    <\/a>\n                                                                                                                                                                                                <\/div>\n                                        \n                                        \n                                                                                                                                                                            \n                                            <div><\/div>                                                                            <\/div>\n                                <\/div>\n\t\t\t\t\t\t\t<\/div>\n\t\t\t\t\t\t<\/div>\n\t\t\t\t\t<\/li>\n\t\t\t\t\n                    \n                    \n\t\t\t\t\t\t\t\t\t\t                    \n                    <li class=\"elementor-repeater-item-4128135\">\n\t\t\t\t\t\t<div class=\"slider-bg slide-cal-center       \">\n                            <div class=\"th-slide-wrap has-image-bg th-slide-wrap th-slider-overlay has-image-bg th-slide-wrap th-slider-overlay has-image-bg th-slide-wrap has-image-bg th-slide-wrap has-image-bg th-slide-wrap th-slider-overlay has-image-bg th-slide-wrap th-slider-overlay has-image-bg\">\n                                <div class=\"th-slide-inner  th-centered\">\n                                    <div class=\"th-slide-content\">\n                                                                                    <h1 class=\"slider-title\">Villa Anna<\/h1>\n                                        \n                                                                                    <div class=\"slider-subtitle\">\n                                                <p>Cozy oasis in Bad Goisern, accommodating up to 10 people, with a private swimming pond.<\/p>\n                                            <\/div>\n                                                                                                                            <div class=\"th-btn-wrap\">\n                                                                                                                                                            <a class=\"btn-1 btn th-btn btn-standard-light\" href=\"https:\/\/ferienwohnungen-salzkammergut.at\/en\/room\/villa-anna\/\" target=\"_blank\">\n                                                                                                                            Show me more!                                                                                                                    <\/a>\n                                                                                                                                                                                                <\/div>\n                                        \n                                        \n                                                                                                                                                                            \n                                            <div><\/div>                                                                            <\/div>\n                                <\/div>\n\t\t\t\t\t\t\t<\/div>\n\t\t\t\t\t\t<\/div>\n\t\t\t\t\t<\/li>\n\t\t\t\t\n                    \n                    \n\t\t\t\t\t\t\t\t\t\t                    \n                    <li class=\"elementor-repeater-item-ff41e11\">\n\t\t\t\t\t\t<div class=\"slider-bg slide-cal-center        \">\n                            <div class=\"th-slide-wrap has-image-bg th-slide-wrap th-slider-overlay has-image-bg th-slide-wrap th-slider-overlay has-image-bg th-slide-wrap has-image-bg th-slide-wrap has-image-bg th-slide-wrap th-slider-overlay has-image-bg th-slide-wrap th-slider-overlay has-image-bg th-slide-wrap th-slider-overlay has-image-bg\">\n                                <div class=\"th-slide-inner  th-centered\">\n                                    <div class=\"th-slide-content\">\n                                                                                    <h1 class=\"slider-title\">Holiday apartment SeeTraum Hallstatt<\/h1>\n                                        \n                                                                                    <div class=\"slider-subtitle\">\n                                                <p>Holiday apartment right at the entrance to Hallstatt, with a view of the center of the UNESCO World Heritage site, Lake Hallstatt, and the surrounding mountains.<\/p>\n                                            <\/div>\n                                                                                                                            <div class=\"th-btn-wrap\">\n                                                                                                                                                            <a class=\"btn-1 btn th-btn btn-standard-light\" href=\"https:\/\/ferienwohnungen-salzkammergut.at\/en\/room\/holiday-apartment-lakedream-hallstatt\/\" target=\"_blank\">\n                                                                                                                            Show me more!                                                                                                                    <\/a>\n                                                                                                                                                                                                <\/div>\n                                        \n                                        \n                                                                                                                                                                            \n                                            <div><\/div>                                                                            <\/div>\n                                <\/div>\n\t\t\t\t\t\t\t<\/div>\n\t\t\t\t\t\t<\/div>\n\t\t\t\t\t<\/li>\n\t\t\t\t\n                    \n                    \n\t\t\t\t\t\t\t\t\t\t                    \n                    <li class=\"elementor-repeater-item-f03c5f8\">\n\t\t\t\t\t\t<div class=\"slider-bg slide-cal-center         \">\n                            <div class=\"th-slide-wrap has-image-bg th-slide-wrap th-slider-overlay has-image-bg th-slide-wrap th-slider-overlay has-image-bg th-slide-wrap has-image-bg th-slide-wrap has-image-bg th-slide-wrap th-slider-overlay has-image-bg th-slide-wrap th-slider-overlay has-image-bg th-slide-wrap th-slider-overlay has-image-bg th-slide-wrap has-image-bg\">\n                                <div class=\"th-slide-inner  th-centered\">\n                                    <div class=\"th-slide-content\">\n                                                                                    <h1 class=\"slider-title\">Holiday apartment Panoramagl\u00fcck<\/h1>\n                                        \n                                                                                    <div class=\"slider-subtitle\">\n                                                <p>One-room apartment in Bad Goisern on Lake Hallstatt for up to 4 people, offering stunning mountain views.<\/p>\n                                            <\/div>\n                                                                                                                            <div class=\"th-btn-wrap\">\n                                                                                                                                                            <a class=\"btn-1 btn th-btn btn-standard-light\" href=\"https:\/\/ferienwohnungen-salzkammergut.at\/en\/room\/holiday-apartment-panoramaglueck\/\" target=\"_blank\">\n                                                                                                                            Show me more!                                                                                                                    <\/a>\n                                                                                                                                                                                                <\/div>\n                                        \n                                        \n                                                                                                                                                                            \n                                            <div><\/div>                                                                            <\/div>\n                                <\/div>\n\t\t\t\t\t\t\t<\/div>\n\t\t\t\t\t\t<\/div>\n\t\t\t\t\t<\/li>\n\t\t\t\t\n                    \n                    \n\t\t\t\t\t\t\t\t\t\t                    \n                    <li class=\"elementor-repeater-item-3c7ed44\">\n\t\t\t\t\t\t<div class=\"slider-bg slide-cal-center          \">\n                            <div class=\"th-slide-wrap has-image-bg th-slide-wrap th-slider-overlay has-image-bg th-slide-wrap th-slider-overlay has-image-bg th-slide-wrap has-image-bg th-slide-wrap has-image-bg th-slide-wrap th-slider-overlay has-image-bg th-slide-wrap th-slider-overlay has-image-bg th-slide-wrap th-slider-overlay has-image-bg th-slide-wrap has-image-bg th-slide-wrap th-slider-overlay has-image-bg\">\n                                <div class=\"th-slide-inner  th-centered\">\n                                    <div class=\"th-slide-content\">\n                                                                                    <h1 class=\"slider-title\">Holiday apartment Margareta<\/h1>\n                                        \n                                                                                    <div class=\"slider-subtitle\">\n                                                <p>In Bad Goisern on Lake Hallstatt, for 1\u20134 people, with mountain views.<\/p>\n                                            <\/div>\n                                                                                                                            <div class=\"th-btn-wrap\">\n                                                                                                                                                            <a class=\"btn-1 btn th-btn btn-standard-light\" href=\"https:\/\/ferienwohnungen-salzkammergut.at\/en\/room\/holiday-apartment-margareta\/\" target=\"_blank\">\n                                                                                                                            Show me more!                                                                                                                    <\/a>\n                                                                                                                                                                                                <\/div>\n                                        \n                                        \n                                                                                                                                                                            \n                                            <div><\/div>                                                                            <\/div>\n                                <\/div>\n\t\t\t\t\t\t\t<\/div>\n\t\t\t\t\t\t<\/div>\n\t\t\t\t\t<\/li>\n\t\t\t\t\n                    \n                    \n\t\t\t\t\t\t\t\t\t\t                    \n                    <li class=\"elementor-repeater-item-8302c87\">\n\t\t\t\t\t\t<div class=\"slider-bg slide-cal-center           \">\n                            <div class=\"th-slide-wrap has-image-bg th-slide-wrap th-slider-overlay has-image-bg th-slide-wrap th-slider-overlay has-image-bg th-slide-wrap has-image-bg th-slide-wrap has-image-bg th-slide-wrap th-slider-overlay has-image-bg th-slide-wrap th-slider-overlay has-image-bg th-slide-wrap th-slider-overlay has-image-bg th-slide-wrap has-image-bg th-slide-wrap th-slider-overlay has-image-bg th-slide-wrap th-slider-overlay has-image-bg\">\n                                <div class=\"th-slide-inner  th-centered\">\n                                    <div class=\"th-slide-content\">\n                                                                                    <h1 class=\"slider-title\">Holiday apartment Bergsonne<\/h1>\n                                        \n                                                                                    <div class=\"slider-subtitle\">\n                                                <p>In Bad Ischl, for up to 2 people, with a bathtub, underground parking space, and sunny balcony.<\/p>\n                                            <\/div>\n                                                                                                                            <div class=\"th-btn-wrap\">\n                                                                                                                                                            <a class=\"btn-1 btn th-btn btn-standard-light\" href=\"https:\/\/ferienwohnungen-salzkammergut.at\/en\/room\/holiday-apartment-bergsonne-bad-ischl\/\" target=\"_blank\">\n                                                                                                                            Show me more!                                                                                                                    <\/a>\n                                                                                                                                                                                                <\/div>\n                                        \n                                        \n                                                                                                                                                                            \n                                            <div><\/div>                                                                            <\/div>\n                                <\/div>\n\t\t\t\t\t\t\t<\/div>\n\t\t\t\t\t\t<\/div>\n\t\t\t\t\t<\/li>\n\t\t\t\t\n                    \n                    \n\t\t\t\t\t\t\t\t\t\t                    \n                    <li class=\"elementor-repeater-item-db9f4ee\">\n\t\t\t\t\t\t<div class=\"slider-bg slide-cal-center            \">\n                            <div class=\"th-slide-wrap has-image-bg th-slide-wrap th-slider-overlay has-image-bg th-slide-wrap th-slider-overlay has-image-bg th-slide-wrap has-image-bg th-slide-wrap has-image-bg th-slide-wrap th-slider-overlay has-image-bg th-slide-wrap th-slider-overlay has-image-bg th-slide-wrap th-slider-overlay has-image-bg th-slide-wrap has-image-bg th-slide-wrap th-slider-overlay has-image-bg th-slide-wrap th-slider-overlay has-image-bg th-slide-wrap has-image-bg\">\n                                <div class=\"th-slide-inner  th-centered\">\n                                    <div class=\"th-slide-content\">\n                                                                                    <h1 class=\"slider-title\">Winter holiday in the Salzkammergut<\/h1>\n                                        \n                                                                                    <div class=\"slider-subtitle\">\n                                                <p>Find the perfect holiday home for your winter getaway!<\/p>\n                                            <\/div>\n                                                                                                                            <div class=\"th-btn-wrap\">\n                                                                                                                                                            <a class=\"btn-1 btn th-btn btn-standard-light\" href=\"https:\/\/ferienwohnungen-salzkammergut.at\/en\/our-holiday-homes\/\" target=\"_blank\">\n                                                                                                                            Sow me all                                                                                                                    <\/a>\n                                                                                                                                                                                                <\/div>\n                                        \n                                        \n                                                                                                                                                                            \n                                            <div><\/div>                                                                            <\/div>\n                                <\/div>\n\t\t\t\t\t\t\t<\/div>\n\t\t\t\t\t\t<\/div>\n\t\t\t\t\t<\/li>\n\t\t\t\t\t\t\t<\/ul>\n\n\t\t\t\t\t<\/div>\n\n\t\t<script>\n\t\t\tjQuery( function ( $ ) {\n\n\t\t\t\tthemo_start_flex_slider(\n\t\t\t\t\t'.flexslider',\n                    true,\n\t\t\t\t\t'fade',\n\t\t\t\t\t'swing',\n\t\t\t\t\ttrue,\n\t\t\t\t\ttrue,\n\t\t\t\t\t6000,\n\t\t\t\t\t1000,\n\t\t\t\t\tfalse,\n\t\t\t\t\ttrue,\n\t\t\t\t\ttrue,\n\t\t\t\t\ttrue,\n\t\t\t\t\ttrue\t\t\t\t);\n\t\t\t} );\n\t\t<\/script>\n\t\t\t\t\t\t<\/div>\n\t\t\t\t<\/div>\n\t\t\t\t\t<\/div>\n\t\t<\/div>\n\t\t\t\t\t<\/div>\n\t\t<\/section>\n\t\t\t\t<section class=\"elementor-section elementor-top-section elementor-element elementor-element-4e025a97 elementor-section-boxed elementor-section-height-default elementor-section-height-default\" data-id=\"4e025a97\" data-element_type=\"section\" data-settings=\"{&quot;background_background&quot;:&quot;classic&quot;}\">\n\t\t\t\t\t\t<div class=\"elementor-container elementor-column-gap-default\">\n\t\t\t\t\t<div class=\"elementor-column elementor-col-100 elementor-top-column elementor-element elementor-element-74560589\" data-id=\"74560589\" data-element_type=\"column\">\n\t\t\t<div class=\"elementor-widget-wrap elementor-element-populated\">\n\t\t\t\t\t\t<div class=\"elementor-element elementor-element-578d348d elementor-widget elementor-widget-spacer\" data-id=\"578d348d\" data-element_type=\"widget\" data-widget_type=\"spacer.default\">\n\t\t\t\t<div class=\"elementor-widget-container\">\n\t\t\t\t\t\t\t<div class=\"elementor-spacer\">\n\t\t\t<div class=\"elementor-spacer-inner\"><\/div>\n\t\t<\/div>\n\t\t\t\t\t\t<\/div>\n\t\t\t\t<\/div>\n\t\t\t\t<div class=\"elementor-element elementor-element-4221af7d elementor-view-default elementor-position-top elementor-widget elementor-widget-themo-header\" data-id=\"4221af7d\" data-element_type=\"widget\" data-widget_type=\"themo-header.default\">\n\t\t\t\t<div class=\"elementor-widget-container\">\n\t\t\t\t\t\t\t<div class=\"th-header-wrap\">\n        <div class=\"elementor-icon-box-wrapper \">\n                            <div class=\"elementor-icon-box-content\">\n                    <h2 class=\"elementor-icon-box-title\">\n                        Holiday apartments at the best price with the best service!                    <\/h2>\n                                        <p class=\"elementor-icon-box-description\">Your home away from home<\/p>\n\n                                    <\/div>\n            <\/div>\n\n        <\/div>\n\n\t\t\t\t\t\t<\/div>\n\t\t\t\t<\/div>\n\t\t\t\t<div class=\"elementor-element elementor-element-442e16d elementor-widget elementor-widget-spacer\" data-id=\"442e16d\" data-element_type=\"widget\" data-widget_type=\"spacer.default\">\n\t\t\t\t<div class=\"elementor-widget-container\">\n\t\t\t\t\t\t\t<div class=\"elementor-spacer\">\n\t\t\t<div class=\"elementor-spacer-inner\"><\/div>\n\t\t<\/div>\n\t\t\t\t\t\t<\/div>\n\t\t\t\t<\/div>\n\t\t\t\t<div class=\"elementor-element elementor-element-3a3e263 elementor-widget elementor-widget-text-editor\" data-id=\"3a3e263\" data-element_type=\"widget\" data-widget_type=\"text-editor.default\">\n\t\t\t\t<div class=\"elementor-widget-container\">\n\t\t\t\t\t\t\t\t\t<p>Book your apartment directly here \u2013 only on this site you&#8217;ll receive additional benefits for your stay:<\/p>\t\t\t\t\t\t\t\t<\/div>\n\t\t\t\t<\/div>\n\t\t\t\t<div class=\"elementor-element elementor-element-71344a5 elementor-widget elementor-widget-text-editor\" data-id=\"71344a5\" data-element_type=\"widget\" data-widget_type=\"text-editor.default\">\n\t\t\t\t<div class=\"elementor-widget-container\">\n\t\t\t\t\t\t\t\t\t<ul>\n  <li><strong>Salzkammergut Card<\/strong> free with stays of 3 nights or more<\/li>\n  <li><strong>Welcome gift<\/strong> in your holiday apartment<\/li>\n  <li><strong>Insider tips<\/strong> about the Salzkammergut tailored to your interests<\/li>\n  <li><strong>24\/7<\/strong> phone availability<\/li>\n  <li><strong>Digital access<\/strong> to the top highlights of the region<\/li>\n  <li><strong>Free grocery service<\/strong> before your arrival<\/li>\n  <li><strong>Bring a friend:<\/strong> Recommend us to your family and friends and both of you receive a 5% discount on your next stay!<\/li>\n<\/ul>\n\t\t\t\t\t\t\t\t<\/div>\n\t\t\t\t<\/div>\n\t\t\t\t\t<\/div>\n\t\t<\/div>\n\t\t\t\t\t<\/div>\n\t\t<\/section>\n\t\t\t\t<section class=\"elementor-section elementor-top-section elementor-element elementor-element-c7131ce elementor-section-full_width elementor-section-height-default elementor-section-height-default\" data-id=\"c7131ce\" data-element_type=\"section\" data-settings=\"{&quot;background_background&quot;:&quot;classic&quot;}\">\n\t\t\t\t\t\t<div class=\"elementor-container elementor-column-gap-default\">\n\t\t\t\t\t<div class=\"elementor-column elementor-col-100 elementor-top-column elementor-element elementor-element-227c1c4\" data-id=\"227c1c4\" data-element_type=\"column\">\n\t\t\t<div class=\"elementor-widget-wrap elementor-element-populated\">\n\t\t\t\t\t\t<section class=\"elementor-section elementor-inner-section elementor-element elementor-element-60d98c6 elementor-section-boxed elementor-section-height-default elementor-section-height-default\" data-id=\"60d98c6\" data-element_type=\"section\">\n\t\t\t\t\t\t<div class=\"elementor-container elementor-column-gap-wider\">\n\t\t\t\t\t<div class=\"elementor-column elementor-col-50 elementor-inner-column elementor-element elementor-element-a78ad76\" data-id=\"a78ad76\" data-element_type=\"column\">\n\t\t\t<div class=\"elementor-widget-wrap elementor-element-populated\">\n\t\t\t\t\t\t<div class=\"elementor-element elementor-element-1834adbb elementor-position-left elementor-view-default elementor-widget elementor-widget-themo-header\" data-id=\"1834adbb\" data-element_type=\"widget\" data-widget_type=\"themo-header.default\">\n\t\t\t\t<div class=\"elementor-widget-container\">\n\t\t\t\t\t\t\t<div class=\"th-header-wrap\">\n        <div class=\"elementor-icon-box-wrapper \">\n                            <div class=\"elementor-icon-box-content\">\n                    <h3 class=\"elementor-icon-box-title\">\n                        Welcome to the Salzkammergut!                    <\/h3>\n                                        <p class=\"elementor-icon-box-description\">The Salzkammergut shines in every season. Refresh yourself in crystal-clear lakes, hike majestic mountains and wide alpine pastures, or explore the region by bike. Join local events and immerse yourself in customs, craftsmanship, and tradition. Hit the best-prepared slopes, explore the freeride mecca, fall in love all over again on a romantic horse-drawn sleigh ride through the winter wonderland, or race down the toboggan run. Enjoy every day of your stay! Breathe in the fresh, clear air! Enjoy your home away from home!<\/p>\n\n                                    <\/div>\n            <\/div>\n\n        <\/div>\n\n\t\t\t\t\t\t<\/div>\n\t\t\t\t<\/div>\n\t\t\t\t\t<\/div>\n\t\t<\/div>\n\t\t\t\t<div class=\"elementor-column elementor-col-50 elementor-inner-column elementor-element elementor-element-2f5ae81\" data-id=\"2f5ae81\" data-element_type=\"column\">\n\t\t\t<div class=\"elementor-widget-wrap elementor-element-populated\">\n\t\t\t\t\t\t<div class=\"elementor-element elementor-element-9628dea elementor-widget elementor-widget-image\" data-id=\"9628dea\" data-element_type=\"widget\" data-widget_type=\"image.default\">\n\t\t\t\t<div class=\"elementor-widget-container\">\n\t\t\t\t\t\t\t\t\t\t\t\t\t\t\t\t<a href=\"https:\/\/www.salzkammergut.at\">\n\t\t\t\t\t\t\t<img fetchpriority=\"high\" decoding=\"async\" width=\"1024\" height=\"725\" src=\"https:\/\/ferienwohnungen-salzkammergut.at\/wp-content\/uploads\/2020\/02\/Salzkammergut-1024x725.jpg\" class=\"attachment-large size-large wp-image-203\" alt=\"\" srcset=\"https:\/\/ferienwohnungen-salzkammergut.at\/wp-content\/uploads\/2020\/02\/Salzkammergut-1024x725.jpg 1024w, https:\/\/ferienwohnungen-salzkammergut.at\/wp-content\/uploads\/2020\/02\/Salzkammergut-300x212.jpg 300w, https:\/\/ferienwohnungen-salzkammergut.at\/wp-content\/uploads\/2020\/02\/Salzkammergut-768x543.jpg 768w, https:\/\/ferienwohnungen-salzkammergut.at\/wp-content\/uploads\/2020\/02\/Salzkammergut-1536x1087.jpg 1536w, https:\/\/ferienwohnungen-salzkammergut.at\/wp-content\/uploads\/2020\/02\/Salzkammergut-31x22.jpg 31w, https:\/\/ferienwohnungen-salzkammergut.at\/wp-content\/uploads\/2020\/02\/Salzkammergut-113x80.jpg 113w, https:\/\/ferienwohnungen-salzkammergut.at\/wp-content\/uploads\/2020\/02\/Salzkammergut-394x279.jpg 394w, https:\/\/ferienwohnungen-salzkammergut.at\/wp-content\/uploads\/2020\/02\/Salzkammergut-915x647.jpg 915w, https:\/\/ferienwohnungen-salzkammergut.at\/wp-content\/uploads\/2020\/02\/Salzkammergut-1240x877.jpg 1240w, https:\/\/ferienwohnungen-salzkammergut.at\/wp-content\/uploads\/2020\/02\/Salzkammergut-1526x1080.jpg 1526w, https:\/\/ferienwohnungen-salzkammergut.at\/wp-content\/uploads\/2020\/02\/Salzkammergut.jpg 1587w\" sizes=\"(max-width: 1024px) 100vw, 1024px\" \/>\t\t\t\t\t\t\t\t<\/a>\n\t\t\t\t\t\t\t\t\t\t\t\t\t\t\t<\/div>\n\t\t\t\t<\/div>\n\t\t\t\t\t<\/div>\n\t\t<\/div>\n\t\t\t\t\t<\/div>\n\t\t<\/section>\n\t\t\t\t\t<\/div>\n\t\t<\/div>\n\t\t\t\t\t<\/div>\n\t\t<\/section>\n\t\t\t\t<section class=\"elementor-section elementor-top-section elementor-element elementor-element-7ec01cd0 elementor-section-boxed elementor-section-height-default elementor-section-height-default\" data-id=\"7ec01cd0\" data-element_type=\"section\" data-settings=\"{&quot;background_background&quot;:&quot;classic&quot;}\">\n\t\t\t\t\t\t<div class=\"elementor-container elementor-column-gap-default\">\n\t\t\t\t\t<div class=\"elementor-column elementor-col-100 elementor-top-column elementor-element elementor-element-2436f29\" data-id=\"2436f29\" data-element_type=\"column\">\n\t\t\t<div class=\"elementor-widget-wrap elementor-element-populated\">\n\t\t\t\t\t\t<div class=\"elementor-element elementor-element-49e2e5ce elementor-view-default elementor-position-top elementor-widget elementor-widget-themo-header\" data-id=\"49e2e5ce\" data-element_type=\"widget\" data-widget_type=\"themo-header.default\">\n\t\t\t\t<div class=\"elementor-widget-container\">\n\t\t\t\t\t\t\t<div class=\"th-header-wrap\">\n        <div class=\"elementor-icon-box-wrapper \">\n                            <div class=\"elementor-icon-box-content\">\n                    <h2 class=\"elementor-icon-box-title\">\n                        Choose your holiday home int the Salzkammmergut!                    <\/h2>\n                                            <span class=\"th-header-divider\"><\/span>\n                                        <p class=\"elementor-icon-box-description\">Choose your home for your vacations!<\/p>\n\n                                    <\/div>\n            <\/div>\n\n        <\/div>\n\n\t\t\t\t\t\t<\/div>\n\t\t\t\t<\/div>\n\t\t\t\t<div class=\"elementor-element elementor-element-faa1282 elementor-widget elementor-widget-html\" data-id=\"faa1282\" data-element_type=\"widget\" data-widget_type=\"html.default\">\n\t\t\t\t<div class=\"elementor-widget-container\">\n\t\t\t\t\t<div id=\"apartmentIframeAll\">\r\n<script type=\"text\/javascript\" src=\"https:\/\/login.smoobu.com\/js\/Settings\/BookingToolIframe.js\"><\/script>\r\n<script>BookingToolIframe.initialize({\"url\": \"https:\/\/login.smoobu.com\/de\/booking-tool\/iframe\/392176\", \"baseUrl\": \"https:\/\/login.smoobu.com\", \"target\": \"#apartmentIframeAll\"})<\/script>\r\n<\/div>\r\n\r\n\t\t\t\t<\/div>\n\t\t\t\t<\/div>\n\t\t\t\t\t<\/div>\n\t\t<\/div>\n\t\t\t\t\t<\/div>\n\t\t<\/section>\n\t\t\t\t<section class=\"elementor-section elementor-top-section elementor-element elementor-element-5e82a7e elementor-section-boxed elementor-section-height-default elementor-section-height-default\" data-id=\"5e82a7e\" data-element_type=\"section\" data-settings=\"{&quot;background_background&quot;:&quot;classic&quot;}\">\n\t\t\t\t\t\t<div class=\"elementor-container elementor-column-gap-default\">\n\t\t\t\t\t<div class=\"elementor-column elementor-col-100 elementor-top-column elementor-element elementor-element-72790d8\" data-id=\"72790d8\" data-element_type=\"column\">\n\t\t\t<div class=\"elementor-widget-wrap elementor-element-populated\">\n\t\t\t\t\t\t<div class=\"elementor-element elementor-element-8d9a373 elementor-widget elementor-widget-spacer\" data-id=\"8d9a373\" data-element_type=\"widget\" data-widget_type=\"spacer.default\">\n\t\t\t\t<div class=\"elementor-widget-container\">\n\t\t\t\t\t\t\t<div class=\"elementor-spacer\">\n\t\t\t<div class=\"elementor-spacer-inner\"><\/div>\n\t\t<\/div>\n\t\t\t\t\t\t<\/div>\n\t\t\t\t<\/div>\n\t\t\t\t<div class=\"elementor-element elementor-element-af383a0 elementor-widget elementor-widget-heading\" data-id=\"af383a0\" data-element_type=\"widget\" data-widget_type=\"heading.default\">\n\t\t\t\t<div class=\"elementor-widget-container\">\n\t\t\t\t\t<h2 class=\"elementor-heading-title elementor-size-default\">Holiday homes in Bad Ischl<\/h2>\t\t\t\t<\/div>\n\t\t\t\t<\/div>\n\t\t\t\t<section class=\"elementor-section elementor-inner-section elementor-element elementor-element-9b05072 elementor-section-boxed elementor-section-height-default elementor-section-height-default\" data-id=\"9b05072\" data-element_type=\"section\">\n\t\t\t\t\t\t<div class=\"elementor-container elementor-column-gap-default\">\n\t\t\t\t\t<div class=\"elementor-column elementor-col-50 elementor-inner-column elementor-element elementor-element-face4e0\" data-id=\"face4e0\" data-element_type=\"column\">\n\t\t\t<div class=\"elementor-widget-wrap elementor-element-populated\">\n\t\t\t\t\t\t<div class=\"elementor-element elementor-element-487a7b9 elementor-position-top elementor-widget elementor-widget-image-box\" data-id=\"487a7b9\" data-element_type=\"widget\" data-widget_type=\"image-box.default\">\n\t\t\t\t<div class=\"elementor-widget-container\">\n\t\t\t\t\t<div class=\"elementor-image-box-wrapper\"><figure class=\"elementor-image-box-img\"><a href=\"https:\/\/ferienwohnungen-salzkammergut.at\/en\/room\/holiday-apartment-bergsonne-bad-ischl\/\" target=\"_blank\" tabindex=\"-1\"><img decoding=\"async\" width=\"150\" height=\"150\" data-src=\"https:\/\/ferienwohnungen-salzkammergut.at\/wp-content\/uploads\/2020\/08\/Ferienwohnung-Bergsonne-Bad-ischl-Schlafzimmer-Schrank-150x150.jpg\" class=\"attachment-thumbnail size-thumbnail wp-image-2659 lazyload\" alt=\"\" data-srcset=\"https:\/\/ferienwohnungen-salzkammergut.at\/wp-content\/uploads\/2020\/08\/Ferienwohnung-Bergsonne-Bad-ischl-Schlafzimmer-Schrank-150x150.jpg 150w, https:\/\/ferienwohnungen-salzkammergut.at\/wp-content\/uploads\/2020\/08\/Ferienwohnung-Bergsonne-Bad-ischl-Schlafzimmer-Schrank-394x394.jpg 394w, https:\/\/ferienwohnungen-salzkammergut.at\/wp-content\/uploads\/2020\/08\/Ferienwohnung-Bergsonne-Bad-ischl-Schlafzimmer-Schrank-605x605.jpg 605w\" data-sizes=\"(max-width: 150px) 100vw, 150px\" src=\"data:image\/svg+xml;base64,PHN2ZyB3aWR0aD0iMSIgaGVpZ2h0PSIxIiB4bWxucz0iaHR0cDovL3d3dy53My5vcmcvMjAwMC9zdmciPjwvc3ZnPg==\" style=\"--smush-placeholder-width: 150px; --smush-placeholder-aspect-ratio: 150\/150;\" \/><\/a><\/figure><div class=\"elementor-image-box-content\"><h3 class=\"elementor-image-box-title\"><a href=\"https:\/\/ferienwohnungen-salzkammergut.at\/en\/room\/holiday-apartment-bergsonne-bad-ischl\/\" target=\"_blank\">Holiday apartment Bergsonne<\/a><\/h3><p class=\"elementor-image-box-description\">Bad Ischl, 1 bedroom, bath tub, balcony, underground parking space<\/p><\/div><\/div>\t\t\t\t<\/div>\n\t\t\t\t<\/div>\n\t\t\t\t\t<\/div>\n\t\t<\/div>\n\t\t\t\t<div class=\"elementor-column elementor-col-50 elementor-inner-column elementor-element elementor-element-52bffc4\" data-id=\"52bffc4\" data-element_type=\"column\">\n\t\t\t<div class=\"elementor-widget-wrap elementor-element-populated\">\n\t\t\t\t\t\t<div class=\"elementor-element elementor-element-ec4737a elementor-position-top elementor-widget elementor-widget-image-box\" data-id=\"ec4737a\" data-element_type=\"widget\" data-widget_type=\"image-box.default\">\n\t\t\t\t<div class=\"elementor-widget-container\">\n\t\t\t\t\t<div class=\"elementor-image-box-wrapper\"><figure class=\"elementor-image-box-img\"><a href=\"https:\/\/ferienwohnungen-salzkammergut.at\/en\/room\/penthouse-bergblick-salzkammergut\/\" target=\"_blank\" tabindex=\"-1\"><img decoding=\"async\" width=\"150\" height=\"150\" data-src=\"https:\/\/ferienwohnungen-salzkammergut.at\/wp-content\/uploads\/2024\/07\/Dachterrasse-Natur-Landschaft-Penthouse-Bergblick-Salzkammergut-Bad-Ischl-150x150.jpg\" class=\"attachment-thumbnail size-thumbnail wp-image-4761 lazyload\" alt=\"\" data-srcset=\"https:\/\/ferienwohnungen-salzkammergut.at\/wp-content\/uploads\/2024\/07\/Dachterrasse-Natur-Landschaft-Penthouse-Bergblick-Salzkammergut-Bad-Ischl-150x150.jpg 150w, https:\/\/ferienwohnungen-salzkammergut.at\/wp-content\/uploads\/2024\/07\/Dachterrasse-Natur-Landschaft-Penthouse-Bergblick-Salzkammergut-Bad-Ischl-394x394.jpg 394w, https:\/\/ferienwohnungen-salzkammergut.at\/wp-content\/uploads\/2024\/07\/Dachterrasse-Natur-Landschaft-Penthouse-Bergblick-Salzkammergut-Bad-Ischl-605x605.jpg 605w\" data-sizes=\"(max-width: 150px) 100vw, 150px\" src=\"data:image\/svg+xml;base64,PHN2ZyB3aWR0aD0iMSIgaGVpZ2h0PSIxIiB4bWxucz0iaHR0cDovL3d3dy53My5vcmcvMjAwMC9zdmciPjwvc3ZnPg==\" style=\"--smush-placeholder-width: 150px; --smush-placeholder-aspect-ratio: 150\/150;\" \/><\/a><\/figure><div class=\"elementor-image-box-content\"><h3 class=\"elementor-image-box-title\"><a href=\"https:\/\/ferienwohnungen-salzkammergut.at\/en\/room\/penthouse-bergblick-salzkammergut\/\" target=\"_blank\">Penthouse Bergblick Salzkammergut<\/a><\/h3><p class=\"elementor-image-box-description\">Bad Ischl, two bedrooms, 40m2 roof top terrace, underground parking<\/p><\/div><\/div>\t\t\t\t<\/div>\n\t\t\t\t<\/div>\n\t\t\t\t\t<\/div>\n\t\t<\/div>\n\t\t\t\t\t<\/div>\n\t\t<\/section>\n\t\t\t\t<div class=\"elementor-element elementor-element-8695740 elementor-widget elementor-widget-spacer\" data-id=\"8695740\" data-element_type=\"widget\" data-widget_type=\"spacer.default\">\n\t\t\t\t<div class=\"elementor-widget-container\">\n\t\t\t\t\t\t\t<div class=\"elementor-spacer\">\n\t\t\t<div class=\"elementor-spacer-inner\"><\/div>\n\t\t<\/div>\n\t\t\t\t\t\t<\/div>\n\t\t\t\t<\/div>\n\t\t\t\t<div class=\"elementor-element elementor-element-7418152 elementor-widget-divider--separator-type-pattern elementor-widget-divider--no-spacing elementor-widget-divider--view-line elementor-widget elementor-widget-divider\" data-id=\"7418152\" data-element_type=\"widget\" data-widget_type=\"divider.default\">\n\t\t\t\t<div class=\"elementor-widget-container\">\n\t\t\t\t\t\t\t<div class=\"elementor-divider\" style=\"--divider-pattern-url: url(&quot;data:image\/svg+xml,%3Csvg xmlns=&#039;http:\/\/www.w3.org\/2000\/svg&#039; preserveAspectRatio=&#039;xMidYMid meet&#039; overflow=&#039;visible&#039; height=&#039;100%&#039; viewBox=&#039;0 0 117 26&#039; fill=&#039;black&#039; stroke=&#039;none&#039;%3E%3Cpath d=&#039;M3,1.5C5,4.9,6,8.8,6,13s-1.7,8.1-5,11.5C0.3,21.1,0,17.2,0,13S1,4.9,3,1.5z M16,1.5c2,3.4,3,7.3,3,11.5s-1,8.1-3,11.5c-2-4.1-3-8.3-3-12.5S14,4.3,16,1.5z M29,1.5c2,4.8,3,9.3,3,13.5s-1,7.4-3,9.5c-2-3.4-3-7.3-3-11.5S27,4.9,29,1.5z M41.1,1.5C43.7,4.9,45,8.8,45,13s-1,8.1-3,11.5c-2-3.4-3-7.3-3-11.5S39.7,4.9,41.1,1.5zM55,1.5c2,2.8,3,6.3,3,10.5s-1.3,8.4-4,12.5c-1.3-3.4-2-7.3-2-11.5S53,4.9,55,1.5z M68,1.5c2,3.4,3,7.3,3,11.5s-0.7,8.1-2,11.5c-2.7-4.8-4-9.3-4-13.5S66,3.6,68,1.5z M82,1.5c1.3,4.8,2,9.3,2,13.5s-1,7.4-3,9.5c-2-3.4-3-7.3-3-11.5S79.3,4.9,82,1.5z M94,1.5c2,3.4,3,7.3,3,11.5s-1.3,8.1-4,11.5c-1.3-1.4-2-4.3-2-8.5S92,6.9,94,1.5z M107,1.5c2,2.1,3,5.3,3,9.5s-0.7,8.7-2,13.5c-2.7-3.4-4-7.3-4-11.5S105,4.9,107,1.5z&#039;\/%3E%3C\/svg%3E&quot;);\">\n\t\t\t<span class=\"elementor-divider-separator\">\n\t\t\t\t\t\t<\/span>\n\t\t<\/div>\n\t\t\t\t\t\t<\/div>\n\t\t\t\t<\/div>\n\t\t\t\t<div class=\"elementor-element elementor-element-809f72c elementor-widget elementor-widget-heading\" data-id=\"809f72c\" data-element_type=\"widget\" data-widget_type=\"heading.default\">\n\t\t\t\t<div class=\"elementor-widget-container\">\n\t\t\t\t\t<h2 class=\"elementor-heading-title elementor-size-default\">Holiday homes in Bad Goisern<\/h2>\t\t\t\t<\/div>\n\t\t\t\t<\/div>\n\t\t\t\t<section class=\"elementor-section elementor-inner-section elementor-element elementor-element-05624b0 elementor-section-boxed elementor-section-height-default elementor-section-height-default\" data-id=\"05624b0\" data-element_type=\"section\">\n\t\t\t\t\t\t<div class=\"elementor-container elementor-column-gap-default\">\n\t\t\t\t\t<div class=\"elementor-column elementor-col-33 elementor-inner-column elementor-element elementor-element-0baa1c3\" data-id=\"0baa1c3\" data-element_type=\"column\">\n\t\t\t<div class=\"elementor-widget-wrap elementor-element-populated\">\n\t\t\t\t\t\t<div class=\"elementor-element elementor-element-98b08ab elementor-position-top elementor-widget elementor-widget-image-box\" data-id=\"98b08ab\" data-element_type=\"widget\" data-widget_type=\"image-box.default\">\n\t\t\t\t<div class=\"elementor-widget-container\">\n\t\t\t\t\t<div class=\"elementor-image-box-wrapper\"><figure class=\"elementor-image-box-img\"><a href=\"https:\/\/ferienwohnungen-salzkammergut.at\/en\/room\/holiday-apartment-stoablick\/\" target=\"_blank\" tabindex=\"-1\"><img decoding=\"async\" width=\"150\" height=\"150\" data-src=\"https:\/\/ferienwohnungen-salzkammergut.at\/wp-content\/uploads\/2020\/07\/Schlafzimmer-Ferienwohnung-Stoablick-150x150.jpg\" class=\"attachment-thumbnail size-thumbnail wp-image-881 lazyload\" alt=\"\" data-srcset=\"https:\/\/ferienwohnungen-salzkammergut.at\/wp-content\/uploads\/2020\/07\/Schlafzimmer-Ferienwohnung-Stoablick-150x150.jpg 150w, https:\/\/ferienwohnungen-salzkammergut.at\/wp-content\/uploads\/2020\/07\/Schlafzimmer-Ferienwohnung-Stoablick-394x394.jpg 394w, https:\/\/ferienwohnungen-salzkammergut.at\/wp-content\/uploads\/2020\/07\/Schlafzimmer-Ferienwohnung-Stoablick-605x605.jpg 605w\" data-sizes=\"(max-width: 150px) 100vw, 150px\" src=\"data:image\/svg+xml;base64,PHN2ZyB3aWR0aD0iMSIgaGVpZ2h0PSIxIiB4bWxucz0iaHR0cDovL3d3dy53My5vcmcvMjAwMC9zdmciPjwvc3ZnPg==\" style=\"--smush-placeholder-width: 150px; --smush-placeholder-aspect-ratio: 150\/150;\" \/><\/a><\/figure><div class=\"elementor-image-box-content\"><h3 class=\"elementor-image-box-title\"><a href=\"https:\/\/ferienwohnungen-salzkammergut.at\/en\/room\/holiday-apartment-stoablick\/\" target=\"_blank\">Holiday apartment  Stoablick<\/a><\/h3><p class=\"elementor-image-box-description\">Bad Goisern am Hallst\u00e4ttersee, 2 bedrooms, garden, barrier free<\/p><\/div><\/div>\t\t\t\t<\/div>\n\t\t\t\t<\/div>\n\t\t\t\t\t<\/div>\n\t\t<\/div>\n\t\t\t\t<div class=\"elementor-column elementor-col-33 elementor-inner-column elementor-element elementor-element-300de71\" data-id=\"300de71\" data-element_type=\"column\">\n\t\t\t<div class=\"elementor-widget-wrap elementor-element-populated\">\n\t\t\t\t\t\t<div class=\"elementor-element elementor-element-41b8d8b elementor-position-top elementor-widget elementor-widget-image-box\" data-id=\"41b8d8b\" data-element_type=\"widget\" data-widget_type=\"image-box.default\">\n\t\t\t\t<div class=\"elementor-widget-container\">\n\t\t\t\t\t<div class=\"elementor-image-box-wrapper\"><figure class=\"elementor-image-box-img\"><a href=\"https:\/\/ferienwohnungen-salzkammergut.at\/en\/room\/holiday-apartment-margareta\/\" target=\"_blank\" tabindex=\"-1\"><img decoding=\"async\" width=\"150\" height=\"150\" data-src=\"https:\/\/ferienwohnungen-salzkammergut.at\/wp-content\/uploads\/2022\/10\/Schlafbereich-Ausblick-Ewige-Wand-Ferienwohnung-Margareta-Bad-Goisern-150x150.jpg\" class=\"attachment-thumbnail size-thumbnail wp-image-3695 lazyload\" alt=\"\" data-srcset=\"https:\/\/ferienwohnungen-salzkammergut.at\/wp-content\/uploads\/2022\/10\/Schlafbereich-Ausblick-Ewige-Wand-Ferienwohnung-Margareta-Bad-Goisern-150x150.jpg 150w, https:\/\/ferienwohnungen-salzkammergut.at\/wp-content\/uploads\/2022\/10\/Schlafbereich-Ausblick-Ewige-Wand-Ferienwohnung-Margareta-Bad-Goisern-394x394.jpg 394w, https:\/\/ferienwohnungen-salzkammergut.at\/wp-content\/uploads\/2022\/10\/Schlafbereich-Ausblick-Ewige-Wand-Ferienwohnung-Margareta-Bad-Goisern-605x605.jpg 605w\" data-sizes=\"(max-width: 150px) 100vw, 150px\" src=\"data:image\/svg+xml;base64,PHN2ZyB3aWR0aD0iMSIgaGVpZ2h0PSIxIiB4bWxucz0iaHR0cDovL3d3dy53My5vcmcvMjAwMC9zdmciPjwvc3ZnPg==\" style=\"--smush-placeholder-width: 150px; --smush-placeholder-aspect-ratio: 150\/150;\" \/><\/a><\/figure><div class=\"elementor-image-box-content\"><h3 class=\"elementor-image-box-title\"><a href=\"https:\/\/ferienwohnungen-salzkammergut.at\/en\/room\/holiday-apartment-margareta\/\" target=\"_blank\">Holiday apartment  Margareta<\/a><\/h3><p class=\"elementor-image-box-description\">Bad Goisern am Hallst\u00e4ttersee, 1 bedroom, 1 sleeping couch, unique view<\/p><\/div><\/div>\t\t\t\t<\/div>\n\t\t\t\t<\/div>\n\t\t\t\t\t<\/div>\n\t\t<\/div>\n\t\t\t\t<div class=\"elementor-column elementor-col-33 elementor-inner-column elementor-element elementor-element-8966331\" data-id=\"8966331\" data-element_type=\"column\">\n\t\t\t<div class=\"elementor-widget-wrap elementor-element-populated\">\n\t\t\t\t\t\t<div class=\"elementor-element elementor-element-d41befa elementor-position-top elementor-widget elementor-widget-image-box\" data-id=\"d41befa\" data-element_type=\"widget\" data-widget_type=\"image-box.default\">\n\t\t\t\t<div class=\"elementor-widget-container\">\n\t\t\t\t\t<div class=\"elementor-image-box-wrapper\"><figure class=\"elementor-image-box-img\"><a href=\"https:\/\/ferienwohnungen-salzkammergut.at\/en\/room\/holiday-apartment-panoramaglueck\/\" target=\"_blank\" tabindex=\"-1\"><img decoding=\"async\" width=\"150\" height=\"150\" data-src=\"https:\/\/ferienwohnungen-salzkammergut.at\/wp-content\/uploads\/2025\/06\/Ferienwohnung-Panoramaglueck-Bad-Goisern-am-Hallstaettersee-13-150x150.jpg\" class=\"attachment-thumbnail size-thumbnail wp-image-6901 lazyload\" alt=\"Ferienwohnung Panoramagl\u00fcck Bad Goisern\" data-srcset=\"https:\/\/ferienwohnungen-salzkammergut.at\/wp-content\/uploads\/2025\/06\/Ferienwohnung-Panoramaglueck-Bad-Goisern-am-Hallstaettersee-13-150x150.jpg 150w, https:\/\/ferienwohnungen-salzkammergut.at\/wp-content\/uploads\/2025\/06\/Ferienwohnung-Panoramaglueck-Bad-Goisern-am-Hallstaettersee-13-394x394.jpg 394w, https:\/\/ferienwohnungen-salzkammergut.at\/wp-content\/uploads\/2025\/06\/Ferienwohnung-Panoramaglueck-Bad-Goisern-am-Hallstaettersee-13-605x605.jpg 605w\" data-sizes=\"(max-width: 150px) 100vw, 150px\" src=\"data:image\/svg+xml;base64,PHN2ZyB3aWR0aD0iMSIgaGVpZ2h0PSIxIiB4bWxucz0iaHR0cDovL3d3dy53My5vcmcvMjAwMC9zdmciPjwvc3ZnPg==\" style=\"--smush-placeholder-width: 150px; --smush-placeholder-aspect-ratio: 150\/150;\" \/><\/a><\/figure><div class=\"elementor-image-box-content\"><h3 class=\"elementor-image-box-title\"><a href=\"https:\/\/ferienwohnungen-salzkammergut.at\/en\/room\/holiday-apartment-panoramaglueck\/\" target=\"_blank\">Holiday apartment  Panoramagl\u00fcck<\/a><\/h3><p class=\"elementor-image-box-description\">Bad Goisern am Hallst\u00e4ttersee, 1 bedroom, 1 sleeping couch, mountain view, balcony<\/p><\/div><\/div>\t\t\t\t<\/div>\n\t\t\t\t<\/div>\n\t\t\t\t\t<\/div>\n\t\t<\/div>\n\t\t\t\t\t<\/div>\n\t\t<\/section>\n\t\t\t\t<section class=\"elementor-section elementor-inner-section elementor-element elementor-element-79b888d elementor-section-boxed elementor-section-height-default elementor-section-height-default\" data-id=\"79b888d\" data-element_type=\"section\">\n\t\t\t\t\t\t<div class=\"elementor-container elementor-column-gap-default\">\n\t\t\t\t\t<div class=\"elementor-column elementor-col-33 elementor-inner-column elementor-element elementor-element-c944cc9\" data-id=\"c944cc9\" data-element_type=\"column\">\n\t\t\t<div class=\"elementor-widget-wrap elementor-element-populated\">\n\t\t\t\t\t\t<div class=\"elementor-element elementor-element-536e9a2 elementor-position-top elementor-widget elementor-widget-image-box\" data-id=\"536e9a2\" data-element_type=\"widget\" data-widget_type=\"image-box.default\">\n\t\t\t\t<div class=\"elementor-widget-container\">\n\t\t\t\t\t<div class=\"elementor-image-box-wrapper\"><figure class=\"elementor-image-box-img\"><a href=\"https:\/\/ferienwohnungen-salzkammergut.at\/room\/ferienwohnung-loserblick-2\/\" target=\"_blank\" tabindex=\"-1\"><img decoding=\"async\" width=\"150\" height=\"150\" data-src=\"https:\/\/ferienwohnungen-salzkammergut.at\/wp-content\/uploads\/2024\/03\/Doppelzimmer-Villa-Anna-Bad-Goisern-am-Hallstaettersee-Logo-2-150x150.jpg\" class=\"attachment-thumbnail size-thumbnail wp-image-4412 lazyload\" alt=\"\" data-srcset=\"https:\/\/ferienwohnungen-salzkammergut.at\/wp-content\/uploads\/2024\/03\/Doppelzimmer-Villa-Anna-Bad-Goisern-am-Hallstaettersee-Logo-2-150x150.jpg 150w, https:\/\/ferienwohnungen-salzkammergut.at\/wp-content\/uploads\/2024\/03\/Doppelzimmer-Villa-Anna-Bad-Goisern-am-Hallstaettersee-Logo-2-394x394.jpg 394w, https:\/\/ferienwohnungen-salzkammergut.at\/wp-content\/uploads\/2024\/03\/Doppelzimmer-Villa-Anna-Bad-Goisern-am-Hallstaettersee-Logo-2-605x605.jpg 605w\" data-sizes=\"(max-width: 150px) 100vw, 150px\" src=\"data:image\/svg+xml;base64,PHN2ZyB3aWR0aD0iMSIgaGVpZ2h0PSIxIiB4bWxucz0iaHR0cDovL3d3dy53My5vcmcvMjAwMC9zdmciPjwvc3ZnPg==\" style=\"--smush-placeholder-width: 150px; --smush-placeholder-aspect-ratio: 150\/150;\" \/><\/a><\/figure><div class=\"elementor-image-box-content\"><h3 class=\"elementor-image-box-title\"><a href=\"https:\/\/ferienwohnungen-salzkammergut.at\/room\/ferienwohnung-loserblick-2\/\" target=\"_blank\">Holiday home  Villa Anna<\/a><\/h3><p class=\"elementor-image-box-description\">Bad Goisern, 4 bedrooms with balcony, swimming pond, big garden<\/p><\/div><\/div>\t\t\t\t<\/div>\n\t\t\t\t<\/div>\n\t\t\t\t\t<\/div>\n\t\t<\/div>\n\t\t\t\t<div class=\"elementor-column elementor-col-33 elementor-inner-column elementor-element elementor-element-9a8bbe2\" data-id=\"9a8bbe2\" data-element_type=\"column\">\n\t\t\t<div class=\"elementor-widget-wrap elementor-element-populated\">\n\t\t\t\t\t\t<div class=\"elementor-element elementor-element-c584c94 elementor-position-top elementor-widget elementor-widget-image-box\" data-id=\"c584c94\" data-element_type=\"widget\" data-widget_type=\"image-box.default\">\n\t\t\t\t<div class=\"elementor-widget-container\">\n\t\t\t\t\t<div class=\"elementor-image-box-wrapper\"><figure class=\"elementor-image-box-img\"><a href=\"https:\/\/ferienwohnungen-salzkammergut.at\/en\/room\/holiday-apartment-jogginghose\/\" target=\"_blank\" tabindex=\"-1\"><img decoding=\"async\" width=\"150\" height=\"150\" data-src=\"https:\/\/ferienwohnungen-salzkammergut.at\/wp-content\/uploads\/2025\/06\/Gesamt-Ferienwohnung-Jogginghose-Bad-Goisern-Salzkammergut-150x150.jpg\" class=\"attachment-thumbnail size-thumbnail wp-image-6772 lazyload\" alt=\"Ferienwohnung Jogginghose Bad Goisern Salzkammergut\" data-srcset=\"https:\/\/ferienwohnungen-salzkammergut.at\/wp-content\/uploads\/2025\/06\/Gesamt-Ferienwohnung-Jogginghose-Bad-Goisern-Salzkammergut-150x150.jpg 150w, https:\/\/ferienwohnungen-salzkammergut.at\/wp-content\/uploads\/2025\/06\/Gesamt-Ferienwohnung-Jogginghose-Bad-Goisern-Salzkammergut-394x394.jpg 394w, https:\/\/ferienwohnungen-salzkammergut.at\/wp-content\/uploads\/2025\/06\/Gesamt-Ferienwohnung-Jogginghose-Bad-Goisern-Salzkammergut-605x605.jpg 605w\" data-sizes=\"(max-width: 150px) 100vw, 150px\" src=\"data:image\/svg+xml;base64,PHN2ZyB3aWR0aD0iMSIgaGVpZ2h0PSIxIiB4bWxucz0iaHR0cDovL3d3dy53My5vcmcvMjAwMC9zdmciPjwvc3ZnPg==\" style=\"--smush-placeholder-width: 150px; --smush-placeholder-aspect-ratio: 150\/150;\" \/><\/a><\/figure><div class=\"elementor-image-box-content\"><h3 class=\"elementor-image-box-title\"><a href=\"https:\/\/ferienwohnungen-salzkammergut.at\/en\/room\/holiday-apartment-jogginghose\/\" target=\"_blank\">Holiday apartment  Jogginghose<\/a><\/h3><p class=\"elementor-image-box-description\">Bad Goisern am Hallst\u00e4ttersee, 1 bedroom, 1 sleeping couch, balcony<\/p><\/div><\/div>\t\t\t\t<\/div>\n\t\t\t\t<\/div>\n\t\t\t\t\t<\/div>\n\t\t<\/div>\n\t\t\t\t<div class=\"elementor-column elementor-col-33 elementor-inner-column elementor-element elementor-element-652d9bd\" data-id=\"652d9bd\" data-element_type=\"column\">\n\t\t\t<div class=\"elementor-widget-wrap elementor-element-populated\">\n\t\t\t\t\t\t<div class=\"elementor-element elementor-element-e144e72 elementor-position-top elementor-widget elementor-widget-image-box\" data-id=\"e144e72\" data-element_type=\"widget\" data-widget_type=\"image-box.default\">\n\t\t\t\t<div class=\"elementor-widget-container\">\n\t\t\t\t\t<div class=\"elementor-image-box-wrapper\"><figure class=\"elementor-image-box-img\"><a href=\"https:\/\/ferienwohnungen-salzkammergut.at\/en\/room\/holiday-apartment-panoramaglueck\/\" target=\"_blank\" tabindex=\"-1\"><img decoding=\"async\" width=\"150\" height=\"150\" data-src=\"https:\/\/ferienwohnungen-salzkammergut.at\/wp-content\/uploads\/2025\/06\/Ferienwohnung-Gluecksmomente-Bad-Goisern-1-150x150.jpg\" class=\"attachment-thumbnail size-thumbnail wp-image-6829 lazyload\" alt=\"Ferienwohnung Gl\u00fccksmomente Bad Goisern\" data-srcset=\"https:\/\/ferienwohnungen-salzkammergut.at\/wp-content\/uploads\/2025\/06\/Ferienwohnung-Gluecksmomente-Bad-Goisern-1-150x150.jpg 150w, https:\/\/ferienwohnungen-salzkammergut.at\/wp-content\/uploads\/2025\/06\/Ferienwohnung-Gluecksmomente-Bad-Goisern-1-394x394.jpg 394w, https:\/\/ferienwohnungen-salzkammergut.at\/wp-content\/uploads\/2025\/06\/Ferienwohnung-Gluecksmomente-Bad-Goisern-1-605x605.jpg 605w\" data-sizes=\"(max-width: 150px) 100vw, 150px\" src=\"data:image\/svg+xml;base64,PHN2ZyB3aWR0aD0iMSIgaGVpZ2h0PSIxIiB4bWxucz0iaHR0cDovL3d3dy53My5vcmcvMjAwMC9zdmciPjwvc3ZnPg==\" style=\"--smush-placeholder-width: 150px; --smush-placeholder-aspect-ratio: 150\/150;\" \/><\/a><\/figure><div class=\"elementor-image-box-content\"><h3 class=\"elementor-image-box-title\"><a href=\"https:\/\/ferienwohnungen-salzkammergut.at\/en\/room\/holiday-apartment-panoramaglueck\/\" target=\"_blank\">Holiday apartment  Gl\u00fccksmomente<\/a><\/h3><p class=\"elementor-image-box-description\">Bad Goisern am Hallst\u00e4ttersee, 1 bedroom, 1 sleeping couch, balcony, mountain view<\/p><\/div><\/div>\t\t\t\t<\/div>\n\t\t\t\t<\/div>\n\t\t\t\t\t<\/div>\n\t\t<\/div>\n\t\t\t\t\t<\/div>\n\t\t<\/section>\n\t\t\t\t<div class=\"elementor-element elementor-element-bcc591f elementor-widget elementor-widget-spacer\" data-id=\"bcc591f\" data-element_type=\"widget\" data-widget_type=\"spacer.default\">\n\t\t\t\t<div class=\"elementor-widget-container\">\n\t\t\t\t\t\t\t<div class=\"elementor-spacer\">\n\t\t\t<div class=\"elementor-spacer-inner\"><\/div>\n\t\t<\/div>\n\t\t\t\t\t\t<\/div>\n\t\t\t\t<\/div>\n\t\t\t\t<div class=\"elementor-element elementor-element-29311a4 elementor-widget-divider--separator-type-pattern elementor-widget-divider--no-spacing elementor-widget-divider--view-line elementor-widget elementor-widget-divider\" data-id=\"29311a4\" data-element_type=\"widget\" data-widget_type=\"divider.default\">\n\t\t\t\t<div class=\"elementor-widget-container\">\n\t\t\t\t\t\t\t<div class=\"elementor-divider\" style=\"--divider-pattern-url: url(&quot;data:image\/svg+xml,%3Csvg xmlns=&#039;http:\/\/www.w3.org\/2000\/svg&#039; preserveAspectRatio=&#039;xMidYMid meet&#039; overflow=&#039;visible&#039; height=&#039;100%&#039; viewBox=&#039;0 0 117 26&#039; fill=&#039;black&#039; stroke=&#039;none&#039;%3E%3Cpath d=&#039;M3,1.5C5,4.9,6,8.8,6,13s-1.7,8.1-5,11.5C0.3,21.1,0,17.2,0,13S1,4.9,3,1.5z M16,1.5c2,3.4,3,7.3,3,11.5s-1,8.1-3,11.5c-2-4.1-3-8.3-3-12.5S14,4.3,16,1.5z M29,1.5c2,4.8,3,9.3,3,13.5s-1,7.4-3,9.5c-2-3.4-3-7.3-3-11.5S27,4.9,29,1.5z M41.1,1.5C43.7,4.9,45,8.8,45,13s-1,8.1-3,11.5c-2-3.4-3-7.3-3-11.5S39.7,4.9,41.1,1.5zM55,1.5c2,2.8,3,6.3,3,10.5s-1.3,8.4-4,12.5c-1.3-3.4-2-7.3-2-11.5S53,4.9,55,1.5z M68,1.5c2,3.4,3,7.3,3,11.5s-0.7,8.1-2,11.5c-2.7-4.8-4-9.3-4-13.5S66,3.6,68,1.5z M82,1.5c1.3,4.8,2,9.3,2,13.5s-1,7.4-3,9.5c-2-3.4-3-7.3-3-11.5S79.3,4.9,82,1.5z M94,1.5c2,3.4,3,7.3,3,11.5s-1.3,8.1-4,11.5c-1.3-1.4-2-4.3-2-8.5S92,6.9,94,1.5z M107,1.5c2,2.1,3,5.3,3,9.5s-0.7,8.7-2,13.5c-2.7-3.4-4-7.3-4-11.5S105,4.9,107,1.5z&#039;\/%3E%3C\/svg%3E&quot;);\">\n\t\t\t<span class=\"elementor-divider-separator\">\n\t\t\t\t\t\t<\/span>\n\t\t<\/div>\n\t\t\t\t\t\t<\/div>\n\t\t\t\t<\/div>\n\t\t\t\t<div class=\"elementor-element elementor-element-9f0449d elementor-widget elementor-widget-heading\" data-id=\"9f0449d\" data-element_type=\"widget\" data-widget_type=\"heading.default\">\n\t\t\t\t<div class=\"elementor-widget-container\">\n\t\t\t\t\t<h2 class=\"elementor-heading-title elementor-size-default\">Holiday homes in Bad Aussee<\/h2>\t\t\t\t<\/div>\n\t\t\t\t<\/div>\n\t\t\t\t<section class=\"elementor-section elementor-inner-section elementor-element elementor-element-f6aac32 elementor-section-boxed elementor-section-height-default elementor-section-height-default\" data-id=\"f6aac32\" data-element_type=\"section\">\n\t\t\t\t\t\t<div class=\"elementor-container elementor-column-gap-default\">\n\t\t\t\t\t<div class=\"elementor-column elementor-col-100 elementor-inner-column elementor-element elementor-element-3eccbf1\" data-id=\"3eccbf1\" data-element_type=\"column\">\n\t\t\t<div class=\"elementor-widget-wrap elementor-element-populated\">\n\t\t\t\t\t\t<div class=\"elementor-element elementor-element-35cd481 elementor-position-top elementor-widget elementor-widget-image-box\" data-id=\"35cd481\" data-element_type=\"widget\" data-widget_type=\"image-box.default\">\n\t\t\t\t<div class=\"elementor-widget-container\">\n\t\t\t\t\t<div class=\"elementor-image-box-wrapper\"><figure class=\"elementor-image-box-img\"><a href=\"https:\/\/ferienwohnungen-salzkammergut.at\/en\/room\/holiday-home-christl-franz-bad-aussee\/\" target=\"_blank\" tabindex=\"-1\"><img decoding=\"async\" width=\"150\" height=\"150\" data-src=\"https:\/\/ferienwohnungen-salzkammergut.at\/wp-content\/uploads\/2024\/08\/Ferienwohnungen-Christl-Franz-Louisa-Susi-Bad-Aussee-150x150.jpg\" class=\"attachment-thumbnail size-thumbnail wp-image-6392 lazyload\" alt=\"Ferienhaus Christl und Franz Aussenansicht\" data-srcset=\"https:\/\/ferienwohnungen-salzkammergut.at\/wp-content\/uploads\/2024\/08\/Ferienwohnungen-Christl-Franz-Louisa-Susi-Bad-Aussee-150x150.jpg 150w, https:\/\/ferienwohnungen-salzkammergut.at\/wp-content\/uploads\/2024\/08\/Ferienwohnungen-Christl-Franz-Louisa-Susi-Bad-Aussee-394x394.jpg 394w, https:\/\/ferienwohnungen-salzkammergut.at\/wp-content\/uploads\/2024\/08\/Ferienwohnungen-Christl-Franz-Louisa-Susi-Bad-Aussee-605x605.jpg 605w\" data-sizes=\"(max-width: 150px) 100vw, 150px\" src=\"data:image\/svg+xml;base64,PHN2ZyB3aWR0aD0iMSIgaGVpZ2h0PSIxIiB4bWxucz0iaHR0cDovL3d3dy53My5vcmcvMjAwMC9zdmciPjwvc3ZnPg==\" style=\"--smush-placeholder-width: 150px; --smush-placeholder-aspect-ratio: 150\/150;\" \/><\/a><\/figure><div class=\"elementor-image-box-content\"><h3 class=\"elementor-image-box-title\"><a href=\"https:\/\/ferienwohnungen-salzkammergut.at\/en\/room\/holiday-home-christl-franz-bad-aussee\/\" target=\"_blank\">Holiday apartment  Christl & Franz<\/a><\/h3><p class=\"elementor-image-box-description\">Bad Aussee, 4 holiday apartments, balcony or terrace, central location<\/p><\/div><\/div>\t\t\t\t<\/div>\n\t\t\t\t<\/div>\n\t\t\t\t\t<\/div>\n\t\t<\/div>\n\t\t\t\t\t<\/div>\n\t\t<\/section>\n\t\t\t\t<div class=\"elementor-element elementor-element-8bc16e3 elementor-widget elementor-widget-spacer\" data-id=\"8bc16e3\" data-element_type=\"widget\" data-widget_type=\"spacer.default\">\n\t\t\t\t<div class=\"elementor-widget-container\">\n\t\t\t\t\t\t\t<div class=\"elementor-spacer\">\n\t\t\t<div class=\"elementor-spacer-inner\"><\/div>\n\t\t<\/div>\n\t\t\t\t\t\t<\/div>\n\t\t\t\t<\/div>\n\t\t\t\t<div class=\"elementor-element elementor-element-f0b0773 elementor-widget-divider--separator-type-pattern elementor-widget-divider--no-spacing elementor-widget-divider--view-line elementor-widget elementor-widget-divider\" data-id=\"f0b0773\" data-element_type=\"widget\" data-widget_type=\"divider.default\">\n\t\t\t\t<div class=\"elementor-widget-container\">\n\t\t\t\t\t\t\t<div class=\"elementor-divider\" style=\"--divider-pattern-url: url(&quot;data:image\/svg+xml,%3Csvg xmlns=&#039;http:\/\/www.w3.org\/2000\/svg&#039; preserveAspectRatio=&#039;xMidYMid meet&#039; overflow=&#039;visible&#039; height=&#039;100%&#039; viewBox=&#039;0 0 117 26&#039; fill=&#039;black&#039; stroke=&#039;none&#039;%3E%3Cpath d=&#039;M3,1.5C5,4.9,6,8.8,6,13s-1.7,8.1-5,11.5C0.3,21.1,0,17.2,0,13S1,4.9,3,1.5z M16,1.5c2,3.4,3,7.3,3,11.5s-1,8.1-3,11.5c-2-4.1-3-8.3-3-12.5S14,4.3,16,1.5z M29,1.5c2,4.8,3,9.3,3,13.5s-1,7.4-3,9.5c-2-3.4-3-7.3-3-11.5S27,4.9,29,1.5z M41.1,1.5C43.7,4.9,45,8.8,45,13s-1,8.1-3,11.5c-2-3.4-3-7.3-3-11.5S39.7,4.9,41.1,1.5zM55,1.5c2,2.8,3,6.3,3,10.5s-1.3,8.4-4,12.5c-1.3-3.4-2-7.3-2-11.5S53,4.9,55,1.5z M68,1.5c2,3.4,3,7.3,3,11.5s-0.7,8.1-2,11.5c-2.7-4.8-4-9.3-4-13.5S66,3.6,68,1.5z M82,1.5c1.3,4.8,2,9.3,2,13.5s-1,7.4-3,9.5c-2-3.4-3-7.3-3-11.5S79.3,4.9,82,1.5z M94,1.5c2,3.4,3,7.3,3,11.5s-1.3,8.1-4,11.5c-1.3-1.4-2-4.3-2-8.5S92,6.9,94,1.5z M107,1.5c2,2.1,3,5.3,3,9.5s-0.7,8.7-2,13.5c-2.7-3.4-4-7.3-4-11.5S105,4.9,107,1.5z&#039;\/%3E%3C\/svg%3E&quot;);\">\n\t\t\t<span class=\"elementor-divider-separator\">\n\t\t\t\t\t\t<\/span>\n\t\t<\/div>\n\t\t\t\t\t\t<\/div>\n\t\t\t\t<\/div>\n\t\t\t\t<div class=\"elementor-element elementor-element-a742190 elementor-widget elementor-widget-heading\" data-id=\"a742190\" data-element_type=\"widget\" data-widget_type=\"heading.default\">\n\t\t\t\t<div class=\"elementor-widget-container\">\n\t\t\t\t\t<h2 class=\"elementor-heading-title elementor-size-default\">Holiday homes in Hallstatt<\/h2>\t\t\t\t<\/div>\n\t\t\t\t<\/div>\n\t\t\t\t<section class=\"elementor-section elementor-inner-section elementor-element elementor-element-21fbe68 elementor-section-boxed elementor-section-height-default elementor-section-height-default\" data-id=\"21fbe68\" data-element_type=\"section\">\n\t\t\t\t\t\t<div class=\"elementor-container elementor-column-gap-default\">\n\t\t\t\t\t<div class=\"elementor-column elementor-col-100 elementor-inner-column elementor-element elementor-element-b36483f\" data-id=\"b36483f\" data-element_type=\"column\">\n\t\t\t<div class=\"elementor-widget-wrap elementor-element-populated\">\n\t\t\t\t\t\t<div class=\"elementor-element elementor-element-f46a8da elementor-position-top elementor-widget elementor-widget-image-box\" data-id=\"f46a8da\" data-element_type=\"widget\" data-widget_type=\"image-box.default\">\n\t\t\t\t<div class=\"elementor-widget-container\">\n\t\t\t\t\t<div class=\"elementor-image-box-wrapper\"><figure class=\"elementor-image-box-img\"><a href=\"https:\/\/ferienwohnungen-salzkammergut.at\/en\/room\/holiday-apartment-seetraum-hallstatt\/\" target=\"_blank\" tabindex=\"-1\"><img decoding=\"async\" width=\"150\" height=\"150\" data-src=\"https:\/\/ferienwohnungen-salzkammergut.at\/wp-content\/uploads\/2024\/05\/Ausblick-Schiff-Berge-Balkon-Ferienwohnung-SeeTraum-Hallstatt-150x150.jpg\" class=\"attachment-thumbnail size-thumbnail wp-image-4648 lazyload\" alt=\"\" data-srcset=\"https:\/\/ferienwohnungen-salzkammergut.at\/wp-content\/uploads\/2024\/05\/Ausblick-Schiff-Berge-Balkon-Ferienwohnung-SeeTraum-Hallstatt-150x150.jpg 150w, https:\/\/ferienwohnungen-salzkammergut.at\/wp-content\/uploads\/2024\/05\/Ausblick-Schiff-Berge-Balkon-Ferienwohnung-SeeTraum-Hallstatt-394x394.jpg 394w, https:\/\/ferienwohnungen-salzkammergut.at\/wp-content\/uploads\/2024\/05\/Ausblick-Schiff-Berge-Balkon-Ferienwohnung-SeeTraum-Hallstatt-605x605.jpg 605w\" data-sizes=\"(max-width: 150px) 100vw, 150px\" src=\"data:image\/svg+xml;base64,PHN2ZyB3aWR0aD0iMSIgaGVpZ2h0PSIxIiB4bWxucz0iaHR0cDovL3d3dy53My5vcmcvMjAwMC9zdmciPjwvc3ZnPg==\" style=\"--smush-placeholder-width: 150px; --smush-placeholder-aspect-ratio: 150\/150;\" \/><\/a><\/figure><div class=\"elementor-image-box-content\"><h3 class=\"elementor-image-box-title\"><a href=\"https:\/\/ferienwohnungen-salzkammergut.at\/en\/room\/holiday-apartment-seetraum-hallstatt\/\" target=\"_blank\">Holiday apartment  SeeTraum Hallstatt<\/a><\/h3><p class=\"elementor-image-box-description\">Hallstatt, 2 bedrooms, big balcony above the lake<\/p><\/div><\/div>\t\t\t\t<\/div>\n\t\t\t\t<\/div>\n\t\t\t\t\t<\/div>\n\t\t<\/div>\n\t\t\t\t\t<\/div>\n\t\t<\/section>\n\t\t\t\t\t<\/div>\n\t\t<\/div>\n\t\t\t\t\t<\/div>\n\t\t<\/section>\n\t\t\t\t<section class=\"elementor-section elementor-top-section elementor-element elementor-element-72c3c6c elementor-section-full_width elementor-section-height-default elementor-section-height-default\" data-id=\"72c3c6c\" data-element_type=\"section\" data-settings=\"{&quot;background_background&quot;:&quot;classic&quot;}\">\n\t\t\t\t\t\t<div class=\"elementor-container elementor-column-gap-default\">\n\t\t\t\t\t<div class=\"elementor-column elementor-col-50 elementor-top-column elementor-element elementor-element-4ff7de16\" data-id=\"4ff7de16\" data-element_type=\"column\" data-settings=\"{&quot;background_background&quot;:&quot;classic&quot;}\">\n\t\t\t<div class=\"elementor-widget-wrap elementor-element-populated\">\n\t\t\t\t\t\t<div class=\"elementor-element elementor-element-3d6f4b4c elementor-position-left elementor-view-default elementor-widget elementor-widget-themo-header\" data-id=\"3d6f4b4c\" data-element_type=\"widget\" data-widget_type=\"themo-header.default\">\n\t\t\t\t<div class=\"elementor-widget-container\">\n\t\t\t\t\t\t\t<div class=\"th-header-wrap\">\n        <div class=\"elementor-icon-box-wrapper \">\n                            <div class=\"elementor-icon-box-content\">\n                    <h3 class=\"elementor-icon-box-title\">\n                        Bad Goisern am Hallst\u00e4ttersee                    <\/h3>\n                                        <p class=\"elementor-icon-box-description\">The holiday apartments Stoablick, Margareta, Panoramagl\u00fcck, Jogginghose, Gl\u00fccksmomente and the holiday home Villa Anna are located in the charming and tradition-rich town of Bad Goisern on Lake Hallstatt, in the Dachstein Salzkammergut holiday region. Bad Goisern is renowned for its authentic traditions, craftsmanship, and customs, as well as for being a top destination for both summer and winter sports.<\/p>\n\n                                            <div class=\"th-btn-wrap\">\n                                                            <a class=\"btn-1 btn th-btn btn-standard-accent\" href=\"https:\/\/ferienwohnungen-salzkammergut.at\/en\/bad-goisern-at-lake-hallstatt\/\" target=\"_blank\">\n                                                                            I wanna know more!                                                                    <\/a>\n                            \n                                                    <\/div>\n                                    <\/div>\n            <\/div>\n\n        <\/div>\n\n\t\t\t\t\t\t<\/div>\n\t\t\t\t<\/div>\n\t\t\t\t\t<\/div>\n\t\t<\/div>\n\t\t\t\t<div class=\"elementor-column elementor-col-50 elementor-top-column elementor-element elementor-element-6b8120bf\" data-id=\"6b8120bf\" data-element_type=\"column\" data-settings=\"{&quot;background_background&quot;:&quot;classic&quot;}\">\n\t\t\t<div class=\"elementor-widget-wrap elementor-element-populated\">\n\t\t\t\t\t\t<div class=\"elementor-element elementor-element-baaa664 elementor-widget elementor-widget-image\" data-id=\"baaa664\" data-element_type=\"widget\" data-widget_type=\"image.default\">\n\t\t\t\t<div class=\"elementor-widget-container\">\n\t\t\t\t\t\t\t\t\t\t\t\t\t\t\t\t<a href=\"https:\/\/ferienwohnungen-salzkammergut.at\/en\/bad-goisern-at-lake-hallstatt\/\" target=\"_blank\">\n\t\t\t\t\t\t\t<img decoding=\"async\" width=\"1024\" height=\"323\" data-src=\"https:\/\/ferienwohnungen-salzkammergut.at\/wp-content\/uploads\/2020\/04\/Bad-Goisern-am-Hallstaettersee-Panorama-1024x323.jpg\" class=\"attachment-large size-large wp-image-785 lazyload\" alt=\"\" data-srcset=\"https:\/\/ferienwohnungen-salzkammergut.at\/wp-content\/uploads\/2020\/04\/Bad-Goisern-am-Hallstaettersee-Panorama-1024x323.jpg 1024w, https:\/\/ferienwohnungen-salzkammergut.at\/wp-content\/uploads\/2020\/04\/Bad-Goisern-am-Hallstaettersee-Panorama-300x95.jpg 300w, https:\/\/ferienwohnungen-salzkammergut.at\/wp-content\/uploads\/2020\/04\/Bad-Goisern-am-Hallstaettersee-Panorama-768x243.jpg 768w, https:\/\/ferienwohnungen-salzkammergut.at\/wp-content\/uploads\/2020\/04\/Bad-Goisern-am-Hallstaettersee-Panorama-1536x485.jpg 1536w, https:\/\/ferienwohnungen-salzkammergut.at\/wp-content\/uploads\/2020\/04\/Bad-Goisern-am-Hallstaettersee-Panorama-190x60.jpg 190w, https:\/\/ferienwohnungen-salzkammergut.at\/wp-content\/uploads\/2020\/04\/Bad-Goisern-am-Hallstaettersee-Panorama-253x80.jpg 253w, https:\/\/ferienwohnungen-salzkammergut.at\/wp-content\/uploads\/2020\/04\/Bad-Goisern-am-Hallstaettersee-Panorama-394x124.jpg 394w, https:\/\/ferienwohnungen-salzkammergut.at\/wp-content\/uploads\/2020\/04\/Bad-Goisern-am-Hallstaettersee-Panorama-915x289.jpg 915w, https:\/\/ferienwohnungen-salzkammergut.at\/wp-content\/uploads\/2020\/04\/Bad-Goisern-am-Hallstaettersee-Panorama-1240x392.jpg 1240w, https:\/\/ferienwohnungen-salzkammergut.at\/wp-content\/uploads\/2020\/04\/Bad-Goisern-am-Hallstaettersee-Panorama.jpg 1900w\" data-sizes=\"(max-width: 1024px) 100vw, 1024px\" src=\"data:image\/svg+xml;base64,PHN2ZyB3aWR0aD0iMSIgaGVpZ2h0PSIxIiB4bWxucz0iaHR0cDovL3d3dy53My5vcmcvMjAwMC9zdmciPjwvc3ZnPg==\" style=\"--smush-placeholder-width: 1024px; --smush-placeholder-aspect-ratio: 1024\/323;\" \/>\t\t\t\t\t\t\t\t<\/a>\n\t\t\t\t\t\t\t\t\t\t\t\t\t\t\t<\/div>\n\t\t\t\t<\/div>\n\t\t\t\t\t<\/div>\n\t\t<\/div>\n\t\t\t\t\t<\/div>\n\t\t<\/section>\n\t\t\t\t<section class=\"elementor-section elementor-top-section elementor-element elementor-element-8a8c0c5 elementor-section-full_width elementor-section-height-min-height elementor-section-height-default elementor-section-items-middle\" data-id=\"8a8c0c5\" data-element_type=\"section\" data-settings=\"{&quot;background_background&quot;:&quot;classic&quot;}\">\n\t\t\t\t\t\t<div class=\"elementor-container elementor-column-gap-default\">\n\t\t\t\t\t<div class=\"elementor-column elementor-col-50 elementor-top-column elementor-element elementor-element-e8f9149\" data-id=\"e8f9149\" data-element_type=\"column\" data-settings=\"{&quot;background_background&quot;:&quot;classic&quot;}\">\n\t\t\t<div class=\"elementor-widget-wrap elementor-element-populated\">\n\t\t\t\t\t\t<div class=\"elementor-element elementor-element-a171aae elementor-widget elementor-widget-image\" data-id=\"a171aae\" data-element_type=\"widget\" data-widget_type=\"image.default\">\n\t\t\t\t<div class=\"elementor-widget-container\">\n\t\t\t\t\t\t\t\t\t\t\t\t\t\t\t\t<a href=\"https:\/\/ferienwohnungen-salzkammergut.at\/en\/bad-aussee\/\" target=\"_blank\">\n\t\t\t\t\t\t\t<img decoding=\"async\" width=\"1024\" height=\"683\" data-src=\"https:\/\/ferienwohnungen-salzkammergut.at\/wp-content\/uploads\/2020\/02\/Mountainbiken-Altaussee-Loser-Himsl-1024x683.jpg\" class=\"attachment-large size-large wp-image-553 lazyload\" alt=\"\" data-srcset=\"https:\/\/ferienwohnungen-salzkammergut.at\/wp-content\/uploads\/2020\/02\/Mountainbiken-Altaussee-Loser-Himsl-1024x683.jpg 1024w, https:\/\/ferienwohnungen-salzkammergut.at\/wp-content\/uploads\/2020\/02\/Mountainbiken-Altaussee-Loser-Himsl-300x200.jpg 300w, https:\/\/ferienwohnungen-salzkammergut.at\/wp-content\/uploads\/2020\/02\/Mountainbiken-Altaussee-Loser-Himsl-768x512.jpg 768w, https:\/\/ferienwohnungen-salzkammergut.at\/wp-content\/uploads\/2020\/02\/Mountainbiken-Altaussee-Loser-Himsl-1536x1024.jpg 1536w, https:\/\/ferienwohnungen-salzkammergut.at\/wp-content\/uploads\/2020\/02\/Mountainbiken-Altaussee-Loser-Himsl-90x60.jpg 90w, https:\/\/ferienwohnungen-salzkammergut.at\/wp-content\/uploads\/2020\/02\/Mountainbiken-Altaussee-Loser-Himsl-120x80.jpg 120w, https:\/\/ferienwohnungen-salzkammergut.at\/wp-content\/uploads\/2020\/02\/Mountainbiken-Altaussee-Loser-Himsl-394x263.jpg 394w, https:\/\/ferienwohnungen-salzkammergut.at\/wp-content\/uploads\/2020\/02\/Mountainbiken-Altaussee-Loser-Himsl-915x610.jpg 915w, https:\/\/ferienwohnungen-salzkammergut.at\/wp-content\/uploads\/2020\/02\/Mountainbiken-Altaussee-Loser-Himsl-1240x827.jpg 1240w, https:\/\/ferienwohnungen-salzkammergut.at\/wp-content\/uploads\/2020\/02\/Mountainbiken-Altaussee-Loser-Himsl.jpg 1567w\" data-sizes=\"(max-width: 1024px) 100vw, 1024px\" src=\"data:image\/svg+xml;base64,PHN2ZyB3aWR0aD0iMSIgaGVpZ2h0PSIxIiB4bWxucz0iaHR0cDovL3d3dy53My5vcmcvMjAwMC9zdmciPjwvc3ZnPg==\" style=\"--smush-placeholder-width: 1024px; --smush-placeholder-aspect-ratio: 1024\/683;\" \/>\t\t\t\t\t\t\t\t<\/a>\n\t\t\t\t\t\t\t\t\t\t\t\t\t\t\t<\/div>\n\t\t\t\t<\/div>\n\t\t\t\t\t<\/div>\n\t\t<\/div>\n\t\t\t\t<div class=\"elementor-column elementor-col-50 elementor-top-column elementor-element elementor-element-a238c57\" data-id=\"a238c57\" data-element_type=\"column\" data-settings=\"{&quot;background_background&quot;:&quot;classic&quot;}\">\n\t\t\t<div class=\"elementor-widget-wrap elementor-element-populated\">\n\t\t\t\t\t\t<div class=\"elementor-element elementor-element-973de90 elementor-position-left elementor-view-default elementor-widget elementor-widget-themo-header\" data-id=\"973de90\" data-element_type=\"widget\" data-widget_type=\"themo-header.default\">\n\t\t\t\t<div class=\"elementor-widget-container\">\n\t\t\t\t\t\t\t<div class=\"th-header-wrap\">\n        <div class=\"elementor-icon-box-wrapper \">\n                            <div class=\"elementor-icon-box-content\">\n                    <h3 class=\"elementor-icon-box-title\">\n                        Bad Aussee                    <\/h3>\n                                        <p class=\"elementor-icon-box-description\">The holiday home Christl &amp; Franz with its four apartments is located in Bad Aussee, the traditional costume capital of Austria, in the Ausseerland Salzkammergut region. Bad Aussee is famous for its colorful Narcissus Festival, charming shopping streets steeped in tradition, its proximity to Lake Altaussee and Lake Grundlsee, and its wide range of spa and wellness facilities.<\/p>\n\n                                            <div class=\"th-btn-wrap\">\n                                                            <a class=\"btn-1 btn th-btn btn-standard-accent\" href=\"https:\/\/ferienwohnungen-salzkammergut.at\/en\/bad-aussee\/\" target=\"_blank\">\n                                                                            I wanna go there!                                                                    <\/a>\n                            \n                                                    <\/div>\n                                    <\/div>\n            <\/div>\n\n        <\/div>\n\n\t\t\t\t\t\t<\/div>\n\t\t\t\t<\/div>\n\t\t\t\t\t<\/div>\n\t\t<\/div>\n\t\t\t\t\t<\/div>\n\t\t<\/section>\n\t\t\t\t<section class=\"elementor-section elementor-top-section elementor-element elementor-element-214b500 elementor-section-full_width elementor-section-height-min-height elementor-section-height-default elementor-section-items-middle\" data-id=\"214b500\" data-element_type=\"section\" data-settings=\"{&quot;background_background&quot;:&quot;classic&quot;}\">\n\t\t\t\t\t\t<div class=\"elementor-container elementor-column-gap-default\">\n\t\t\t\t\t<div class=\"elementor-column elementor-col-50 elementor-top-column elementor-element elementor-element-3bbe394\" data-id=\"3bbe394\" data-element_type=\"column\" data-settings=\"{&quot;background_background&quot;:&quot;classic&quot;}\">\n\t\t\t<div class=\"elementor-widget-wrap elementor-element-populated\">\n\t\t\t\t\t\t<div class=\"elementor-element elementor-element-78fee91 elementor-position-left elementor-view-default elementor-widget elementor-widget-themo-header\" data-id=\"78fee91\" data-element_type=\"widget\" data-widget_type=\"themo-header.default\">\n\t\t\t\t<div class=\"elementor-widget-container\">\n\t\t\t\t\t\t\t<div class=\"th-header-wrap\">\n        <div class=\"elementor-icon-box-wrapper \">\n                            <div class=\"elementor-icon-box-content\">\n                    <h3 class=\"elementor-icon-box-title\">\n                        Bad Ischl                    <\/h3>\n                                        <p class=\"elementor-icon-box-description\">The Bergsonne holiday apartment and the Penthouse Bergblick Salzkammergut are located in a quiet area of Bad Ischl, in the Reiterndorf district. As the European Capital of Culture 2024, Bad Ischl invites you to explore its rich imperial heritage with historic sites related to Emperor Franz Joseph and Empress Elisabeth. Enjoy unique shopping experiences in traditional Ischl stores offering regional crafts and authentic Austrian clothing. The villa-lined streets impress with their grand architecture. Just outside the town, you\u2019ll find untouched nature \u2013 a paradise for hiking, biking, and climbing in summer, and the perfect base for winter sports and snow adventures.<\/p>\n\n                                            <div class=\"th-btn-wrap\">\n                                                            <a class=\"btn-1 btn th-btn btn-standard-accent\" href=\"https:\/\/ferienwohnungen-salzkammergut.at\/en\/bad-ischl\/\" target=\"_blank\">\n                                                                            Enjoy nature &amp; culture                                                                    <\/a>\n                            \n                                                    <\/div>\n                                    <\/div>\n            <\/div>\n\n        <\/div>\n\n\t\t\t\t\t\t<\/div>\n\t\t\t\t<\/div>\n\t\t\t\t\t<\/div>\n\t\t<\/div>\n\t\t\t\t<div class=\"elementor-column elementor-col-50 elementor-top-column elementor-element elementor-element-55a926d\" data-id=\"55a926d\" data-element_type=\"column\" data-settings=\"{&quot;background_background&quot;:&quot;classic&quot;}\">\n\t\t\t<div class=\"elementor-widget-wrap elementor-element-populated\">\n\t\t\t\t\t\t<div class=\"elementor-element elementor-element-cfa8ff7 elementor-widget elementor-widget-image\" data-id=\"cfa8ff7\" data-element_type=\"widget\" data-widget_type=\"image.default\">\n\t\t\t\t<div class=\"elementor-widget-container\">\n\t\t\t\t\t\t\t\t\t\t\t\t\t\t\t\t<a href=\"https:\/\/ferienwohnungen-salzkammergut.at\/en\/bad-ischl\/\" target=\"_blank\">\n\t\t\t\t\t\t\t<img decoding=\"async\" width=\"1024\" height=\"685\" data-src=\"https:\/\/ferienwohnungen-salzkammergut.at\/wp-content\/uploads\/2020\/12\/Kaiservilla-Bad-ischl-1024x685.jpg\" class=\"attachment-large size-large wp-image-1404 lazyload\" alt=\"\" data-srcset=\"https:\/\/ferienwohnungen-salzkammergut.at\/wp-content\/uploads\/2020\/12\/Kaiservilla-Bad-ischl-1024x685.jpg 1024w, https:\/\/ferienwohnungen-salzkammergut.at\/wp-content\/uploads\/2020\/12\/Kaiservilla-Bad-ischl-300x201.jpg 300w, https:\/\/ferienwohnungen-salzkammergut.at\/wp-content\/uploads\/2020\/12\/Kaiservilla-Bad-ischl-768x514.jpg 768w, https:\/\/ferienwohnungen-salzkammergut.at\/wp-content\/uploads\/2020\/12\/Kaiservilla-Bad-ischl-1536x1028.jpg 1536w, https:\/\/ferienwohnungen-salzkammergut.at\/wp-content\/uploads\/2020\/12\/Kaiservilla-Bad-ischl-90x60.jpg 90w, https:\/\/ferienwohnungen-salzkammergut.at\/wp-content\/uploads\/2020\/12\/Kaiservilla-Bad-ischl-120x80.jpg 120w, https:\/\/ferienwohnungen-salzkammergut.at\/wp-content\/uploads\/2020\/12\/Kaiservilla-Bad-ischl-394x264.jpg 394w, https:\/\/ferienwohnungen-salzkammergut.at\/wp-content\/uploads\/2020\/12\/Kaiservilla-Bad-ischl-915x612.jpg 915w, https:\/\/ferienwohnungen-salzkammergut.at\/wp-content\/uploads\/2020\/12\/Kaiservilla-Bad-ischl-1240x830.jpg 1240w, https:\/\/ferienwohnungen-salzkammergut.at\/wp-content\/uploads\/2020\/12\/Kaiservilla-Bad-ischl-1614x1080.jpg 1614w, https:\/\/ferienwohnungen-salzkammergut.at\/wp-content\/uploads\/2020\/12\/Kaiservilla-Bad-ischl.jpg 1920w\" data-sizes=\"(max-width: 1024px) 100vw, 1024px\" src=\"data:image\/svg+xml;base64,PHN2ZyB3aWR0aD0iMSIgaGVpZ2h0PSIxIiB4bWxucz0iaHR0cDovL3d3dy53My5vcmcvMjAwMC9zdmciPjwvc3ZnPg==\" style=\"--smush-placeholder-width: 1024px; --smush-placeholder-aspect-ratio: 1024\/685;\" \/>\t\t\t\t\t\t\t\t<\/a>\n\t\t\t\t\t\t\t\t\t\t\t\t\t\t\t<\/div>\n\t\t\t\t<\/div>\n\t\t\t\t\t<\/div>\n\t\t<\/div>\n\t\t\t\t\t<\/div>\n\t\t<\/section>\n\t\t\t\t<section class=\"elementor-section elementor-top-section elementor-element elementor-element-3cd545e elementor-section-full_width elementor-section-height-min-height elementor-section-height-default elementor-section-items-middle\" data-id=\"3cd545e\" data-element_type=\"section\" data-settings=\"{&quot;background_background&quot;:&quot;classic&quot;}\">\n\t\t\t\t\t\t<div class=\"elementor-container elementor-column-gap-default\">\n\t\t\t\t\t<div class=\"elementor-column elementor-col-50 elementor-top-column elementor-element elementor-element-deb4226\" data-id=\"deb4226\" data-element_type=\"column\" data-settings=\"{&quot;background_background&quot;:&quot;classic&quot;}\">\n\t\t\t<div class=\"elementor-widget-wrap elementor-element-populated\">\n\t\t\t\t\t\t<div class=\"elementor-element elementor-element-b44306a elementor-widget elementor-widget-image\" data-id=\"b44306a\" data-element_type=\"widget\" data-widget_type=\"image.default\">\n\t\t\t\t<div class=\"elementor-widget-container\">\n\t\t\t\t\t\t\t\t\t\t\t\t\t\t\t\t<a href=\"https:\/\/ferienwohnungen-salzkammergut.at\/en\/hallstatt\/\" target=\"_blank\">\n\t\t\t\t\t\t\t<img decoding=\"async\" width=\"1024\" height=\"682\" data-src=\"https:\/\/ferienwohnungen-salzkammergut.at\/wp-content\/uploads\/2020\/09\/Hallstatt-pixabay-1024x682.jpg\" class=\"attachment-large size-large wp-image-1054 lazyload\" alt=\"\" data-srcset=\"https:\/\/ferienwohnungen-salzkammergut.at\/wp-content\/uploads\/2020\/09\/Hallstatt-pixabay-1024x682.jpg 1024w, https:\/\/ferienwohnungen-salzkammergut.at\/wp-content\/uploads\/2020\/09\/Hallstatt-pixabay-300x200.jpg 300w, https:\/\/ferienwohnungen-salzkammergut.at\/wp-content\/uploads\/2020\/09\/Hallstatt-pixabay-768x512.jpg 768w, https:\/\/ferienwohnungen-salzkammergut.at\/wp-content\/uploads\/2020\/09\/Hallstatt-pixabay-1536x1023.jpg 1536w, https:\/\/ferienwohnungen-salzkammergut.at\/wp-content\/uploads\/2020\/09\/Hallstatt-pixabay-90x60.jpg 90w, https:\/\/ferienwohnungen-salzkammergut.at\/wp-content\/uploads\/2020\/09\/Hallstatt-pixabay-120x80.jpg 120w, https:\/\/ferienwohnungen-salzkammergut.at\/wp-content\/uploads\/2020\/09\/Hallstatt-pixabay-394x262.jpg 394w, https:\/\/ferienwohnungen-salzkammergut.at\/wp-content\/uploads\/2020\/09\/Hallstatt-pixabay-915x610.jpg 915w, https:\/\/ferienwohnungen-salzkammergut.at\/wp-content\/uploads\/2020\/09\/Hallstatt-pixabay-1240x826.jpg 1240w, https:\/\/ferienwohnungen-salzkammergut.at\/wp-content\/uploads\/2020\/09\/Hallstatt-pixabay-1621x1080.jpg 1621w, https:\/\/ferienwohnungen-salzkammergut.at\/wp-content\/uploads\/2020\/09\/Hallstatt-pixabay.jpg 1920w\" data-sizes=\"(max-width: 1024px) 100vw, 1024px\" src=\"data:image\/svg+xml;base64,PHN2ZyB3aWR0aD0iMSIgaGVpZ2h0PSIxIiB4bWxucz0iaHR0cDovL3d3dy53My5vcmcvMjAwMC9zdmciPjwvc3ZnPg==\" style=\"--smush-placeholder-width: 1024px; --smush-placeholder-aspect-ratio: 1024\/682;\" \/>\t\t\t\t\t\t\t\t<\/a>\n\t\t\t\t\t\t\t\t\t\t\t\t\t\t\t<\/div>\n\t\t\t\t<\/div>\n\t\t\t\t\t<\/div>\n\t\t<\/div>\n\t\t\t\t<div class=\"elementor-column elementor-col-50 elementor-top-column elementor-element elementor-element-35bcf8b\" data-id=\"35bcf8b\" data-element_type=\"column\" data-settings=\"{&quot;background_background&quot;:&quot;classic&quot;}\">\n\t\t\t<div class=\"elementor-widget-wrap elementor-element-populated\">\n\t\t\t\t\t\t<div class=\"elementor-element elementor-element-f1cf20e elementor-position-left elementor-view-default elementor-widget elementor-widget-themo-header\" data-id=\"f1cf20e\" data-element_type=\"widget\" data-widget_type=\"themo-header.default\">\n\t\t\t\t<div class=\"elementor-widget-container\">\n\t\t\t\t\t\t\t<div class=\"th-header-wrap\">\n        <div class=\"elementor-icon-box-wrapper \">\n                            <div class=\"elementor-icon-box-content\">\n                    <h3 class=\"elementor-icon-box-title\">\n                        Hallstatt                    <\/h3>\n                                        <p class=\"elementor-icon-box-description\">Not far from our holiday apartments lies the UNESCO World Heritage village of Hallstatt, nestled between Lake Hallstatt and the historic salt mountain. Hallstatt offers a rich blend of history, tradition, and culture, and invites visitors to enjoy a wide range of activities all year round \u2013 from hiking and biking in summer to skiing and snowshoeing in winter.<\/p>\n\n                                            <div class=\"th-btn-wrap\">\n                                                            <a class=\"btn-1 btn th-btn btn-standard-accent\" href=\"https:\/\/ferienwohnungen-salzkammergut.at\/en\/hallstatt\/\" target=\"_blank\">\n                                                                            Da will ich hin!                                                                    <\/a>\n                            \n                                                    <\/div>\n                                    <\/div>\n            <\/div>\n\n        <\/div>\n\n\t\t\t\t\t\t<\/div>\n\t\t\t\t<\/div>\n\t\t\t\t\t<\/div>\n\t\t<\/div>\n\t\t\t\t\t<\/div>\n\t\t<\/section>\n\t\t\t\t<section class=\"elementor-section elementor-top-section elementor-element elementor-element-cd7bffc elementor-section-boxed elementor-section-height-default elementor-section-height-default\" data-id=\"cd7bffc\" data-element_type=\"section\">\n\t\t\t\t\t\t<div class=\"elementor-container elementor-column-gap-default\">\n\t\t\t\t\t<div class=\"elementor-column elementor-col-100 elementor-top-column elementor-element elementor-element-573ef0b\" data-id=\"573ef0b\" data-element_type=\"column\">\n\t\t\t<div class=\"elementor-widget-wrap elementor-element-populated\">\n\t\t\t\t\t\t<div class=\"elementor-element elementor-element-8586150 elementor-widget elementor-widget-spacer\" data-id=\"8586150\" data-element_type=\"widget\" data-widget_type=\"spacer.default\">\n\t\t\t\t<div class=\"elementor-widget-container\">\n\t\t\t\t\t\t\t<div class=\"elementor-spacer\">\n\t\t\t<div class=\"elementor-spacer-inner\"><\/div>\n\t\t<\/div>\n\t\t\t\t\t\t<\/div>\n\t\t\t\t<\/div>\n\t\t\t\t\t<\/div>\n\t\t<\/div>\n\t\t\t\t\t<\/div>\n\t\t<\/section>\n\t\t\t\t<section class=\"elementor-section elementor-top-section elementor-element elementor-element-1552e046 elementor-section-boxed elementor-section-height-default elementor-section-height-default\" data-id=\"1552e046\" data-element_type=\"section\">\n\t\t\t\t\t\t<div class=\"elementor-container elementor-column-gap-default\">\n\t\t\t\t\t<div class=\"elementor-column elementor-col-100 elementor-top-column elementor-element elementor-element-11aa0e07\" data-id=\"11aa0e07\" data-element_type=\"column\">\n\t\t\t<div class=\"elementor-widget-wrap elementor-element-populated\">\n\t\t\t\t\t\t<div class=\"elementor-element elementor-element-4ae8ba7d elementor-widget elementor-widget-heading\" data-id=\"4ae8ba7d\" data-element_type=\"widget\" data-widget_type=\"heading.default\">\n\t\t\t\t<div class=\"elementor-widget-container\">\n\t\t\t\t\t<h2 class=\"elementor-heading-title elementor-size-default\">Holiday dreams in the Salzkammergut<\/h2>\t\t\t\t<\/div>\n\t\t\t\t<\/div>\n\t\t\t\t<div class=\"elementor-element elementor-element-173e77e5 elementor--h-position-center elementor--v-position-middle elementor-arrows-position-inside elementor-pagination-position-inside elementor-widget elementor-widget-slides\" data-id=\"173e77e5\" data-element_type=\"widget\" data-settings=\"{&quot;navigation&quot;:&quot;both&quot;,&quot;autoplay&quot;:&quot;yes&quot;,&quot;pause_on_hover&quot;:&quot;yes&quot;,&quot;pause_on_interaction&quot;:&quot;yes&quot;,&quot;autoplay_speed&quot;:5000,&quot;infinite&quot;:&quot;yes&quot;,&quot;transition&quot;:&quot;slide&quot;,&quot;transition_speed&quot;:500}\" data-widget_type=\"slides.default\">\n\t\t\t\t<div class=\"elementor-widget-container\">\n\t\t\t\t\t\t\t\t\t<div class=\"elementor-swiper\">\n\t\t\t\t\t<div class=\"elementor-slides-wrapper elementor-main-swiper swiper\" role=\"region\" aria-roledescription=\"carousel\" aria-label=\"Slider\" dir=\"ltr\" data-animation=\"fadeInUp\">\n\t\t\t\t<div class=\"swiper-wrapper elementor-slides\">\n\t\t\t\t\t\t\t\t\t\t<div class=\"elementor-repeater-item-5ea1852 swiper-slide\" role=\"group\" aria-roledescription=\"slide\"><div class=\"swiper-slide-bg\" role=\"img\"><\/div><a class=\"swiper-slide-inner\" href=\"https:\/\/ferienwohnungen-salzkammergut.at\/en\/room\/holiday-apartment-seetraum-hallstatt\/\" target=\"_blank\"><div class=\"swiper-slide-contents\"><div class=\"elementor-slide-heading\">Ferienwohnung SeeTraum Hallstatt<\/div><div class=\"elementor-slide-description\"><p>Direkt \u00fcber dem Hallst\u00e4ttersee schwebt der gro\u00dfz\u00fcgige Balkon der Ferienwohnung. <\/p>\n<\/div><div  class=\"elementor-button elementor-slide-button elementor-size-sm\">Zeig mir mehr!<\/div><\/div><\/a><\/div><div class=\"elementor-repeater-item-0bc28f0 swiper-slide\" role=\"group\" aria-roledescription=\"slide\"><div class=\"swiper-slide-bg\" role=\"img\"><\/div><a class=\"swiper-slide-inner\" href=\"https:\/\/ferienwohnungen-salzkammergut.at\/en\/room\/penthouse-bergblick-salzkammergut\/\" target=\"_blank\"><div class=\"swiper-slide-contents\"><div class=\"elementor-slide-heading\">Penthouse Bergblick Salzkammergut<\/div><div class=\"elementor-slide-description\"><p>90m2 Wohlf\u00fchlraum, 40m2 Dachterrasee mit Blick in die Natur. Was will man mehr?<\/p>\n<\/div><div  class=\"elementor-button elementor-slide-button elementor-size-sm\">Zeig mir mehr!<\/div><\/div><\/a><\/div><div class=\"elementor-repeater-item-f619054 swiper-slide\" role=\"group\" aria-roledescription=\"slide\"><div class=\"swiper-slide-bg\" role=\"img\"><\/div><a class=\"swiper-slide-inner\" href=\"https:\/\/ferienwohnungen-salzkammergut.at\/en\/room\/holiday-home-christl-franz-bad-aussee\/\" target=\"_blank\"><div class=\"swiper-slide-contents\"><div class=\"elementor-slide-heading\">Ferienwohnungen Christl & Franz<\/div><div class=\"elementor-slide-description\"><p>Moderne Ferienwohnungen in Traumlage im Zentrum von Bad Aussee.<\/p>\n<\/div><div  class=\"elementor-button elementor-slide-button elementor-size-sm\">Zeig mir mehr!<\/div><\/div><\/a><\/div><div class=\"elementor-repeater-item-842b5a9 swiper-slide\" role=\"group\" aria-roledescription=\"slide\"><div class=\"swiper-slide-bg\" role=\"img\"><\/div><a class=\"swiper-slide-inner\" href=\"https:\/\/ferienwohnungen-salzkammergut.at\/en\/room\/holiday-apartment-gluecksmomente\/\" target=\"_blank\"><div class=\"swiper-slide-contents\"><div class=\"elementor-slide-heading\">Ferienwohnung Gl\u00fccksmomente<\/div><div class=\"elementor-slide-description\"><p>Erlebe Gl\u00fccksmomente auf 35m2 mit dem sch\u00f6nsten Blick vom Balkon auf die Ewige Wand. <\/p>\n<\/div><div  class=\"elementor-button elementor-slide-button elementor-size-sm\">Zeig mir mehr!<\/div><\/div><\/a><\/div><div class=\"elementor-repeater-item-0967f58 swiper-slide\" role=\"group\" aria-roledescription=\"slide\"><div class=\"swiper-slide-bg\" role=\"img\"><\/div><a class=\"swiper-slide-inner\" href=\"https:\/\/ferienwohnungen-salzkammergut.at\/en\/room\/holiday-apartment-panoramaglueck\/\" target=\"_blank\"><div class=\"swiper-slide-contents\"><div class=\"elementor-slide-heading\">Ferienwohnung Panoramagl\u00fcck<\/div><div class=\"elementor-slide-description\"><p>Modern eingerichtete 35m2 Wohnung mit Balkon und Blick auf Goiserns Bergwelt.<\/p>\n<\/div><div  class=\"elementor-button elementor-slide-button elementor-size-sm\">Zeig mir mehr!<\/div><\/div><\/a><\/div><div class=\"elementor-repeater-item-6e4c89c swiper-slide\" role=\"group\" aria-roledescription=\"slide\"><div class=\"swiper-slide-bg\" role=\"img\"><\/div><a class=\"swiper-slide-inner\" href=\"https:\/\/ferienwohnungen-salzkammergut.at\/en\/room\/holiday-apartment-margareta\/\" target=\"_blank\"><div class=\"swiper-slide-contents\"><div class=\"elementor-slide-heading\">Ferienwohnung Margareta<\/div><div class=\"elementor-slide-description\"><p>Traditionelle Ein-Zimmer Wohnung f\u00fcr bis zu 4 Personen mit Balkon und Blick auf die Ewige Wand.<\/p>\n<\/div><div  class=\"elementor-button elementor-slide-button elementor-size-sm\">Zeig mir mehr!<\/div><\/div><\/a><\/div><div class=\"elementor-repeater-item-dcf04b0 swiper-slide\" role=\"group\" aria-roledescription=\"slide\"><div class=\"swiper-slide-bg\" role=\"img\"><\/div><a class=\"swiper-slide-inner\" href=\"https:\/\/ferienwohnungen-salzkammergut.at\/en\/room\/holiday-apartment-jogginghose\/\" target=\"_blank\"><div class=\"swiper-slide-contents\"><div class=\"elementor-slide-heading\">Ferienwohnung Jogginghose<\/div><div class=\"elementor-slide-description\"><p>Der Name ist Programm. Mache es dir zu Zweit oder zu Viert gem\u00fctlich mit Blick auf Goiserns Berge & W\u00e4lder.<\/p>\n<\/div><div  class=\"elementor-button elementor-slide-button elementor-size-sm\">Zeig mir mehr!<\/div><\/div><\/a><\/div><div class=\"elementor-repeater-item-0bcbb9d swiper-slide\" role=\"group\" aria-roledescription=\"slide\"><div class=\"swiper-slide-bg\" role=\"img\"><\/div><a class=\"swiper-slide-inner\" href=\"https:\/\/ferienwohnungen-salzkammergut.at\/en\/room\/holiday-apartment-stoablick\/\" target=\"_blank\"><div class=\"swiper-slide-contents\"><div class=\"elementor-slide-heading\">Ferienwohnung Stoablick<\/div><div class=\"elementor-slide-description\"><p>Zwei Schlafzimmer, Terrasse, Garten mit Blick auf Goiserns Bergwelt. Herz was willst du mehr?<\/p>\n<\/div><div  class=\"elementor-button elementor-slide-button elementor-size-sm\">Zeig mir mehr!<\/div><\/div><\/a><\/div><div class=\"elementor-repeater-item-80f9080 swiper-slide\" role=\"group\" aria-roledescription=\"slide\"><div class=\"swiper-slide-bg\" role=\"img\"><\/div><a class=\"swiper-slide-inner\" href=\"https:\/\/ferienwohnungen-salzkammergut.at\/en\/room\/villa-anna\/\" target=\"_blank\"><div class=\"swiper-slide-contents\"><div class=\"elementor-slide-heading\">Villa Anna<\/div><div class=\"elementor-slide-description\"><p>Urlaub mit deiner gesamten Familie und Freunde auf 240m2 mit gro\u00dfem Garten und eigenem Schwimmteich.<\/p>\n<\/div><div  class=\"elementor-button elementor-slide-button elementor-size-sm\">Zeig mir mehr!<\/div><\/div><\/a><\/div><div class=\"elementor-repeater-item-9b73623 swiper-slide\" role=\"group\" aria-roledescription=\"slide\"><div class=\"swiper-slide-bg\" role=\"img\"><\/div><a class=\"swiper-slide-inner\" href=\"https:\/\/ferienwohnungen-salzkammergut.at\/en\/room\/holiday-apartment-bergsonne-bad-ischl\/\" target=\"_blank\"><div class=\"swiper-slide-contents\"><div class=\"elementor-slide-heading\">Ferienwohnung Bergsonne<\/div><div class=\"elementor-slide-description\"><p>Moderne zwei Zimmer Wohnung mit gro\u00dfz\u00fcgigem Balkon in ruhiger Lage in Bad Ischl mit Berg- und Waldblick.<\/p>\n<\/div><div  class=\"elementor-button elementor-slide-button elementor-size-sm\">Zeig mir mehr!<\/div><\/div><\/a><\/div>\t\t\t\t<\/div>\n\t\t\t\t\t\t\t\t\t\t\t\t\t\t\t<div class=\"elementor-swiper-button elementor-swiper-button-prev\" role=\"button\" tabindex=\"0\" aria-label=\"Previous slide\">\n\t\t\t\t\t\t\t<i aria-hidden=\"true\" class=\"eicon-chevron-left\"><\/i>\t\t\t\t\t\t<\/div>\n\t\t\t\t\t\t<div class=\"elementor-swiper-button elementor-swiper-button-next\" role=\"button\" tabindex=\"0\" aria-label=\"Next slide\">\n\t\t\t\t\t\t\t<i aria-hidden=\"true\" class=\"eicon-chevron-right\"><\/i>\t\t\t\t\t\t<\/div>\n\t\t\t\t\t\t\t\t\t\t\t\t\t\t\t\t<div class=\"swiper-pagination\"><\/div>\n\t\t\t\t\t\t\t\t\t\t\t\t<\/div>\n\t\t\t\t<\/div>\n\t\t\t\t\t\t\t\t<\/div>\n\t\t\t\t<\/div>\n\t\t\t\t\t<\/div>\n\t\t<\/div>\n\t\t\t\t\t<\/div>\n\t\t<\/section>\n\t\t\t\t<section class=\"elementor-section elementor-top-section elementor-element elementor-element-db0c01f elementor-section-boxed elementor-section-height-default elementor-section-height-default\" data-id=\"db0c01f\" data-element_type=\"section\">\n\t\t\t\t\t\t<div class=\"elementor-container elementor-column-gap-default\">\n\t\t\t\t\t<div class=\"elementor-column elementor-col-100 elementor-top-column elementor-element elementor-element-8af3d7a\" data-id=\"8af3d7a\" data-element_type=\"column\">\n\t\t\t<div class=\"elementor-widget-wrap elementor-element-populated\">\n\t\t\t\t\t\t<div class=\"elementor-element elementor-element-4bcb3e2 elementor-widget elementor-widget-spacer\" data-id=\"4bcb3e2\" data-element_type=\"widget\" data-widget_type=\"spacer.default\">\n\t\t\t\t<div class=\"elementor-widget-container\">\n\t\t\t\t\t\t\t<div class=\"elementor-spacer\">\n\t\t\t<div class=\"elementor-spacer-inner\"><\/div>\n\t\t<\/div>\n\t\t\t\t\t\t<\/div>\n\t\t\t\t<\/div>\n\t\t\t\t<div class=\"elementor-element elementor-element-6ee844d elementor-widget elementor-widget-heading\" data-id=\"6ee844d\" data-element_type=\"widget\" data-widget_type=\"heading.default\">\n\t\t\t\t<div class=\"elementor-widget-container\">\n\t\t\t\t\t<h2 class=\"elementor-heading-title elementor-size-default\">Contact<\/h2>\t\t\t\t<\/div>\n\t\t\t\t<\/div>\n\t\t\t\t\t<\/div>\n\t\t<\/div>\n\t\t\t\t\t<\/div>\n\t\t<\/section>\n\t\t\t\t<section class=\"elementor-section elementor-top-section elementor-element elementor-element-7d694719 elementor-section-boxed elementor-section-height-default elementor-section-height-default\" data-id=\"7d694719\" data-element_type=\"section\">\n\t\t\t\t\t\t<div class=\"elementor-container elementor-column-gap-default\">\n\t\t\t\t\t<div class=\"elementor-column elementor-col-100 elementor-top-column elementor-element elementor-element-136b0a1f\" data-id=\"136b0a1f\" data-element_type=\"column\">\n\t\t\t<div class=\"elementor-widget-wrap elementor-element-populated\">\n\t\t\t\t\t\t<div class=\"elementor-element elementor-element-75d556ed elementor-cta--skin-classic elementor-animated-content elementor-bg-transform elementor-bg-transform-zoom-in elementor-widget elementor-widget-call-to-action\" data-id=\"75d556ed\" data-element_type=\"widget\" data-widget_type=\"call-to-action.default\">\n\t\t\t\t<div class=\"elementor-widget-container\">\n\t\t\t\t\t\t\t<div class=\"elementor-cta\">\n\t\t\t\t\t<div class=\"elementor-cta__bg-wrapper\">\n\t\t\t\t<div class=\"elementor-cta__bg elementor-bg lazyload\" style=\"background-image:inherit;\" role=\"img\" aria-label=\"241214_Edwin Husic-Chrissie-Juergen\" data-bg-image=\"url(https:\/\/ferienwohnungen-salzkammergut.at\/wp-content\/uploads\/2025\/04\/241214_Edwin-Husic-Chrissie-Juergen.jpg)\"><\/div>\n\t\t\t\t<div class=\"elementor-cta__bg-overlay\"><\/div>\n\t\t\t<\/div>\n\t\t\t\t\t\t\t<div class=\"elementor-cta__content\">\n\t\t\t\t\n\t\t\t\t\t\t\t\t\t<h2 class=\"elementor-cta__title elementor-cta__content-item elementor-content-item\">\n\t\t\t\t\t\tAny more questions?\t\t\t\t\t<\/h2>\n\t\t\t\t\n\t\t\t\t\t\t\t\t\t<div class=\"elementor-cta__description elementor-cta__content-item elementor-content-item\">\n\t\t\t\t\t\tFeel free to contact us for more information by phone at +43 664 750 727 85 or by email at info@ferienwohnungen-salzkammergut.at.\t\t\t\t\t<\/div>\n\t\t\t\t\n\t\t\t\t\t\t\t\t\t<div class=\"elementor-cta__button-wrapper elementor-cta__content-item elementor-content-item \">\n\t\t\t\t\t<a class=\"elementor-cta__button elementor-button elementor-size-\" href=\"mailto:info@ferienwohnungen-salzkammergut.at\">\n\t\t\t\t\t\temail\t\t\t\t\t<\/a>\n\t\t\t\t\t<\/div>\n\t\t\t\t\t\t\t<\/div>\n\t\t\t\t\t\t<\/div>\n\t\t\t\t\t\t<\/div>\n\t\t\t\t<\/div>\n\t\t\t\t\t<\/div>\n\t\t<\/div>\n\t\t\t\t\t<\/div>\n\t\t<\/section>\n\t\t\t\t<\/div>\n\t\t","protected":false},"excerpt":{"rendered":"<p>Holiday dreams in the Salzkammergut Enjoy the lakes and mountains of the Salzkammergut. Here you&#8217;ll find the perfect holiday apartment for your vacation! Show me all! Holiday home &amp; holiday apartments Christl and Franz Beautiful holiday home with 4 apartments &hellip; <a href=\"https:\/\/ferienwohnungen-salzkammergut.at\/en\/\">Read More<\/a><\/p>\n","protected":false},"author":2,"featured_media":0,"parent":0,"menu_order":108,"comment_status":"closed","ping_status":"closed","template":"","meta":{"footnotes":""},"class_list":["post-254","page","type-page","status-publish","hentry"],"_links":{"self":[{"href":"https:\/\/ferienwohnungen-salzkammergut.at\/en\/wp-json\/wp\/v2\/pages\/254","targetHints":{"allow":["GET"]}}],"collection":[{"href":"https:\/\/ferienwohnungen-salzkammergut.at\/en\/wp-json\/wp\/v2\/pages"}],"about":[{"href":"https:\/\/ferienwohnungen-salzkammergut.at\/en\/wp-json\/wp\/v2\/types\/page"}],"author":[{"embeddable":true,"href":"https:\/\/ferienwohnungen-salzkammergut.at\/en\/wp-json\/wp\/v2\/users\/2"}],"replies":[{"embeddable":true,"href":"https:\/\/ferienwohnungen-salzkammergut.at\/en\/wp-json\/wp\/v2\/comments?post=254"}],"version-history":[{"count":300,"href":"https:\/\/ferienwohnungen-salzkammergut.at\/en\/wp-json\/wp\/v2\/pages\/254\/revisions"}],"predecessor-version":[{"id":7129,"href":"https:\/\/ferienwohnungen-salzkammergut.at\/en\/wp-json\/wp\/v2\/pages\/254\/revisions\/7129"}],"wp:attachment":[{"href":"https:\/\/ferienwohnungen-salzkammergut.at\/en\/wp-json\/wp\/v2\/media?parent=254"}],"curies":[{"name":"wp","href":"https:\/\/api.w.org\/{rel}","templated":true}]}}